{"id":5443,"date":"2025-07-10T13:54:48","date_gmt":"2025-07-10T13:54:48","guid":{"rendered":"https:\/\/digitalculturesandarts.ch\/?post_type=people&#038;p=5443"},"modified":"2025-09-07T14:26:08","modified_gmt":"2025-09-07T14:26:08","slug":"dr-kathrin-trattner","status":"publish","type":"people","link":"https:\/\/digitalculturesandarts.ch\/de\/people\/dr-kathrin-trattner\/","title":{"rendered":"Dr. Kathrin Trattner"},"content":{"rendered":"<p class=\"\">Kathrin Trattner ist wissenschaftliche Mitarbeiterin im UFSP \u00abDigital Religion(s)\u00bb an der Universit\u00e4t Z\u00fcrich. Sie studierte Germanistik und Religionswissenschaft an der Karl-Franzens-Universit\u00e4t Graz. In ihrer Dissertation befasste sie sich aus intersektionaler Perspektive mit der Konstruktion von Feinden im Military Shooter.<\/p>\n\n\n\n<div class=\"wp-block-group is-layout-flow wp-block-group-is-layout-flow\">\n<p class=\"\">Ihre Forschungsschwerpunkte umfassen Identit\u00e4ts- und Alterit\u00e4tsdiskurse im Kontext von Social Media, Rechtsextremismus und Gaming-Kulturen, Nation(alismus) und Gaming, sowie Religion und digitale Medien.&nbsp;<\/p>\n\n\n\n<div class=\"animated fadeIn delay-100ms o-anim-offset-20px wp-block-group is-layout-flow wp-block-group-is-layout-flow\">\n<p style=\"font-style:normal;font-weight:600\" class=\"\">Aktivit\u00e4ten<\/p>\n\n\n\n<div class=\"wp-block-coblocks-accordion\">\n<div class=\"wp-block-coblocks-accordion-item\"><details><summary class=\"wp-block-coblocks-accordion-item__title has-background\" style=\"background-color:#eeeeee\"> Herausgeberschaften<\/summary><div class=\"wp-block-coblocks-accordion-item__content\" style=\"border-color:#eeeeee\">\n<p class=\"\">Hg. mit Lisa Kienzl,&nbsp;<em>Nation(alism), Identity and Video Gaming<\/em>. Special Issue&nbsp;<em>gamevironments<\/em>, issue 11 (2019). (https:\/\/www.gamevironments.uni-bremen.de\/current-papers-and-archive\/)<\/p>\n<\/div><\/details><\/div>\n\n\n\n<div class=\"wp-block-coblocks-accordion-item\"><details><summary class=\"wp-block-coblocks-accordion-item__title has-background\" style=\"background-color:#eeeeee\"> Aufs\u00e4tze und Essays (Auswahl)<\/summary><div class=\"wp-block-coblocks-accordion-item__content\" style=\"border-color:#eeeeee\">\n<p class=\"\">\u201eGaming und Rechtsextremismus.\u201c In:&nbsp;<a>Dokumentationsarchiv des \u00f6sterreichischen Widerstandes (Hg.):&nbsp;<\/a>Rechtsextremismus in \u00d6sterreich 2023. Unter Ber\u00fccksichtigung der Jahre 2020 bis 2022. Ein Bericht verfasst von der Stiftung Dokumentationsarchiv des \u00f6sterreichischen Widerstandes im Auftrag des Bundesministeriums f\u00fcr Inneres und des Bundesministeriums f\u00fcr Justiz.&nbsp;Wien 2025, S. 183\u2013186.<\/p>\n\n\n\n<p class=\"\">\u201cBetween Feminist Solidarity and \u201cBible-Verse-Throwers\u201d: Catholic Feminist Activists on Social Media and Experiences of Agency.\u201d&nbsp;<em>Journal of Religion, Media and Digital Culture<\/em>&nbsp;13, issue 2 (2024): 246\u2013268.<\/p>\n\n\n\n<p class=\"\">\u201c\u2019There\u2019s evil in the wood.\u2019&nbsp;Abjekt und Geschlecht in Robert Eggers\u2018 THE VVITCH.\u201c In&nbsp;<em>D\u00e4mon:innen, Ketzer:innen, Heilige. Formen religi\u00f6ser Devianz in Text und Bild<\/em>, hg. v. Johannes Thonhauser, Franjo Vidovi\u0107 und Peter Wiesflecker, Celovec\/Klagenfurt: Mohorjeva Hermagoras 2024.<\/p>\n\n\n\n<p class=\"\">\u201cGaming the Nation: A Research Report.\u201d In&nbsp;<em>gamevironments<\/em>, issue 18 (2023). (https:\/\/journals.suub.uni\u2013bremen.de\/index.php\/gamevironments\/article\/view\/242\/183)<\/p>\n\n\n\n<p class=\"\">\u201c#NotMyBattlefield: Deutungsk\u00e4mpfe Um &#8216;Historische Authentizit\u00e4t&#8217; in Gamerdiskussionen.\u201d In&nbsp;<em>Geschichte in Wissenschaft und Unterricht<\/em>&nbsp;74\/3 (2023): 152\u2013164.<\/p>\n\n\n\n<p class=\"\">\u201eDigitale Orientalismen. Imaginationen des War on Terror in Kriegsspielen.\u201c In&nbsp;<em>Weltmaschinen. Digitale Spiele als globalgeschichtliches Ph\u00e4nomen,<\/em>&nbsp;hg. v. Josef K\u00f6stlbauer, Eugen Pfister u.a., Wien: Mandelbaum 2018, 27-47.<\/p>\n\n\n\n<p class=\"\">\u201e\u2019F\u00fcr die sind wir fanatische Spinner.\u2019 Bilder des Islam und (De)konstruktion von Orientalismen in Persepolis.\u201c In&nbsp;<em>Weltentw\u00fcrfe im Comic\/film<\/em>, hg. v. Theresia Heimerl und Christian Wessely, Marburg: Sch\u00fcren 2018, 98-115.<\/p>\n\n\n\n<p class=\"\">\u201cCritical Discourse Analysis. Studying Religion and Hegemony in Video Games.\u201d In&nbsp;<em>Methods for Studying Video Games and Religion<\/em>, hg. v. Vit \u0160isler, Kerstin Radde-Antweiler und Xenia Zeiler. London: Routledge 2017, 17-33.<\/p>\n\n\n\n<p class=\"\">\u201cVon keuschen und unkeuschen Nonnen. Sexualit\u00e4t und Grenz\u00fcberschreitung von Die schwarze Narzisse bis zum Nunsploitation-Film.\u201c In&nbsp;<em>Himmlische Frauen.<\/em>&nbsp;<em>Nonnen im Film und TV<\/em>, hg. v. Theresia Heimerl und Peter Wiesflecker, Marburg: Sch\u00fcren 2017, 73-95.<\/p>\n\n\n\n<p class=\"\">\u201cReligion, Games, and Othering. An Intersectional Approach.\u201d&nbsp;In&nbsp;<em>gamevironments<\/em>, issue 4 (2016): 24-61. (http:\/\/nbn-resolving.de\/urn:nbn:de:gbv:46-00105343-12)<br><\/p>\n<\/div><\/details><\/div>\n\n\n\n<div class=\"wp-block-coblocks-accordion-item\"><details><summary class=\"wp-block-coblocks-accordion-item__title\">Vortr\u00e4ge und Pr\u00e4sentationen<\/summary><div class=\"wp-block-coblocks-accordion-item__content\">\n<p class=\"\"><a>\u201c\u2019Was Barbarossa not German?!\u2019 Nation, History, and Identity in German&nbsp;<em>Civilization<\/em>-Players\u2019 Online- Discussions\u201d<\/a>, Vortrag im Rahmen der International Conference \u201cBeyond Play\u201d, 30.9.2024, Universit\u00e4t Bremen.<\/p>\n\n\n\n<p class=\"\">Roundtable \u201c<em>The Last of Us<\/em>&nbsp;and Postmodern Moral Ambiguities\u201d&nbsp;<br>Podiumsteilnehmerin, American Academy of Religion (AAR) Annual Meeting, 18.-21.11.2023, San Antonio, TX, USA.<\/p>\n\n\n\n<p class=\"\">Panel \u201cReligion, Gaming, and Values &#8211; Perspectives and Approaches Beyond Representation\u201d, Organisation und Chair, 20<sup>th<\/sup>&nbsp;Annual Conference of the European Association for the Study of Religions (EASR), \u201cReligions and Technologies\u201d, 4.-8.9.2023, Vilnius, Litauen.<\/p>\n\n\n\n<p class=\"\">\u201c\u2018Historical Authenticity\u2019 as a Combat Term in Gamer Discussions\u201d<br>Vortrag im Rahmen des Workshops \u201cActor-centered research on video gaming\u201d, 1.2.2023, ZeMKI, Universit\u00e4t Bremen.<\/p>\n\n\n\n<p class=\"\">\u201cProduction, accumulation, progress: Capitalism and\/in&nbsp;<em>Valheim<\/em>\u201d<br>Vortrag im Rahmen der Konferenz \u201cI Left Valheim For This?\u201d The Gaming Cultures of Valheim\u201d, Network for the Cultural Study of Videogaming, 29.4.2022, UNC Greensboro.<\/p>\n\n\n\n<p class=\"\">\u201e#NotMyBattlefield: Zur &#8216;historischen Authentizit\u00e4t&#8217; als Kampfbegriff in Gamerdiskussionen\u201c, Vortrag im Rahmen des 53. Deutschen Historikertags, 5.-8.10.2021, M\u00fcnchen.<\/p>\n\n\n\n<p class=\"\">Speakerin beim Gamescom Congress 2019, Paneldiskussion \u201cSpielen versetzt Berge \u2013 die Integrationskraft von Games\u201d<\/p>\n\n\n\n<p class=\"\">\u201cPlaying With Power. Critical Discourse Analysis as a Method for Studying Religion and Video Games\u201d, Vortrag im Rahmen der 11<sup>th<\/sup>&nbsp;biennial conference of the International Society for Media, Religion, and Culture, 8.-11.8.2018, Boulder, CO, USA.<\/p>\n\n\n\n<p class=\"\">\u201cReligion, Games, and Intersectionality.\u201d Vortrag im Rahmen der 10<sup>th<\/sup>&nbsp;International Conference on Media, Religion, and Culture, 1.-4.8.2016, Seoul, S\u00fcdkorea.<\/p>\n<\/div><\/details><\/div>\n\n\n\n<div class=\"wp-block-coblocks-accordion-item\"><details><summary class=\"wp-block-coblocks-accordion-item__title\">Andere Aktivit\u00e4ten<\/summary><div class=\"wp-block-coblocks-accordion-item__content\">\n<p class=\"\">Civilization VII \u2013 wissenschaftlich gezockt, ARTE,<em>&nbsp;Couchwissen<\/em>, 5.3.2025,&nbsp;<a href=\"https:\/\/youtu.be\/TjA-o8YTMwk\">https:\/\/youtu.be\/TjA-o8YTMwk<\/a>.&nbsp;<\/p>\n\n\n\n<p class=\"\">Rechtsextremismus und Games Kultur,<strong>&nbsp;<\/strong>Interview, FM4,&nbsp;<em>OKFM4<\/em>, 17.2.2025.<br><\/p>\n\n\n\n<p class=\"\">Filmgespr\u00e4ch mit Veronika Franz und Severin Fiala zu \u201eDes Teufels Bad\u201c, 16.5.2024,&nbsp;<em>CineCenter<\/em>, Wien.<\/p>\n\n\n\n<p class=\"\">Spielkritik aus der Universit\u00e4t &#8211; aber f\u00fcr wen?&nbsp;OK COOL trifft Kathrin Trattner, Interview, Podcast&nbsp;<em>Okay Cool<\/em>, 24.9.2023,&nbsp;<a href=\"https:\/\/okcool.space\/spielkritik-aus-der-universitaet-aber-fuer-wen-ok-cool-trifft-kathrin-trattner\/\">https:\/\/okcool.space\/spielkritik-aus-der-universitaet-aber-fuer-wen-ok-cool-trifft-kathrin-trattner\/<\/a>.<\/p>\n<\/div><\/details><\/div>\n<\/div>\n<\/div>\n<\/div>\n\n\n\n<p class=\"\"><\/p>","protected":false},"template":"","class_list":["post-5443","people","type-people","status-publish","has-post-thumbnail","hentry"],"yoast_head":"<!-- This site is optimized with the Yoast SEO plugin v27.4 - https:\/\/yoast.com\/product\/yoast-seo-wordpress\/ -->\n<title>Dr. Kathrin Trattner - digital cultures and arts<\/title>\n<meta name=\"robots\" content=\"index, follow, max-snippet:-1, max-image-preview:large, max-video-preview:-1\" \/>\n<link rel=\"canonical\" href=\"https:\/\/digitalculturesandarts.ch\/de\/people\/dr-kathrin-trattner\/\" \/>\n<meta property=\"og:locale\" content=\"de_DE\" \/>\n<meta property=\"og:type\" content=\"article\" \/>\n<meta property=\"og:title\" content=\"Dr. Kathrin Trattner - digital cultures and arts\" \/>\n<meta property=\"og:description\" content=\"Kathrin Trattner is a postdoctoral researcher in the URPP \u00abDigital Religion(s)\u00bb at the University of Zurich. She studied German philology and religious studies at the University of Graz. In her dissertation, she investigated the construction of enemies in military shooter games from an intersectional perspective. Her research interests include discourses of identity and alterity in [&hellip;]\" \/>\n<meta property=\"og:url\" content=\"https:\/\/digitalculturesandarts.ch\/de\/people\/dr-kathrin-trattner\/\" \/>\n<meta property=\"og:site_name\" content=\"digital cultures and arts\" \/>\n<meta property=\"article:modified_time\" content=\"2025-09-07T14:26:08+00:00\" \/>\n<meta property=\"og:image\" content=\"https:\/\/digitalculturesandarts.ch\/wp-content\/uploads\/2025\/07\/kathrin-trattner-bild-e1756987475794.jpg\" \/>\n\t<meta property=\"og:image:width\" content=\"910\" \/>\n\t<meta property=\"og:image:height\" content=\"1214\" \/>\n\t<meta property=\"og:image:type\" content=\"image\/jpeg\" \/>\n<meta name=\"twitter:card\" content=\"summary_large_image\" \/>\n<script type=\"application\/ld+json\" class=\"yoast-schema-graph\">{\"@context\":\"https:\\\/\\\/schema.org\",\"@graph\":[{\"@type\":\"WebPage\",\"@id\":\"https:\\\/\\\/digitalculturesandarts.ch\\\/people\\\/dr-kathrin-trattner\\\/\",\"url\":\"https:\\\/\\\/digitalculturesandarts.ch\\\/people\\\/dr-kathrin-trattner\\\/\",\"name\":\"Dr. Kathrin Trattner - digital cultures and arts\",\"isPartOf\":{\"@id\":\"https:\\\/\\\/digitalculturesandarts.ch\\\/#website\"},\"primaryImageOfPage\":{\"@id\":\"https:\\\/\\\/digitalculturesandarts.ch\\\/people\\\/dr-kathrin-trattner\\\/#primaryimage\"},\"image\":{\"@id\":\"https:\\\/\\\/digitalculturesandarts.ch\\\/people\\\/dr-kathrin-trattner\\\/#primaryimage\"},\"thumbnailUrl\":\"https:\\\/\\\/digitalculturesandarts.ch\\\/wp-content\\\/uploads\\\/2025\\\/07\\\/kathrin-trattner-bild-e1756987475794.jpg\",\"datePublished\":\"2025-07-10T13:54:48+00:00\",\"dateModified\":\"2025-09-07T14:26:08+00:00\",\"breadcrumb\":{\"@id\":\"https:\\\/\\\/digitalculturesandarts.ch\\\/people\\\/dr-kathrin-trattner\\\/#breadcrumb\"},\"inLanguage\":\"de-CH\",\"potentialAction\":[{\"@type\":\"ReadAction\",\"target\":[\"https:\\\/\\\/digitalculturesandarts.ch\\\/people\\\/dr-kathrin-trattner\\\/\"]}]},{\"@type\":\"ImageObject\",\"inLanguage\":\"de-CH\",\"@id\":\"https:\\\/\\\/digitalculturesandarts.ch\\\/people\\\/dr-kathrin-trattner\\\/#primaryimage\",\"url\":\"https:\\\/\\\/digitalculturesandarts.ch\\\/wp-content\\\/uploads\\\/2025\\\/07\\\/kathrin-trattner-bild-e1756987475794.jpg\",\"contentUrl\":\"https:\\\/\\\/digitalculturesandarts.ch\\\/wp-content\\\/uploads\\\/2025\\\/07\\\/kathrin-trattner-bild-e1756987475794.jpg\",\"width\":910,\"height\":1214,\"caption\":\"\u00a9 Judith Recher\"},{\"@type\":\"BreadcrumbList\",\"@id\":\"https:\\\/\\\/digitalculturesandarts.ch\\\/people\\\/dr-kathrin-trattner\\\/#breadcrumb\",\"itemListElement\":[{\"@type\":\"ListItem\",\"position\":1,\"name\":\"Home\",\"item\":\"https:\\\/\\\/digitalculturesandarts.ch\\\/\"},{\"@type\":\"ListItem\",\"position\":2,\"name\":\"Dr. Kathrin Trattner\"}]},{\"@type\":\"WebSite\",\"@id\":\"https:\\\/\\\/digitalculturesandarts.ch\\\/#website\",\"url\":\"https:\\\/\\\/digitalculturesandarts.ch\\\/\",\"name\":\"digital cultures and arts\",\"description\":\"Bridge Professorship between the University of Zurich and Zurich University of the Arts\",\"publisher\":{\"@id\":\"https:\\\/\\\/digitalculturesandarts.ch\\\/#organization\"},\"alternateName\":\"digitale kulturen und k\u00fcnste\",\"potentialAction\":[{\"@type\":\"SearchAction\",\"target\":{\"@type\":\"EntryPoint\",\"urlTemplate\":\"https:\\\/\\\/digitalculturesandarts.ch\\\/?s={search_term_string}\"},\"query-input\":{\"@type\":\"PropertyValueSpecification\",\"valueRequired\":true,\"valueName\":\"search_term_string\"}}],\"inLanguage\":\"de-CH\"},{\"@type\":\"Organization\",\"@id\":\"https:\\\/\\\/digitalculturesandarts.ch\\\/#organization\",\"name\":\"digital cultures and arts\",\"alternateName\":\"digitale kulturen und k\u00fcnste\",\"url\":\"https:\\\/\\\/digitalculturesandarts.ch\\\/\",\"logo\":{\"@type\":\"ImageObject\",\"inLanguage\":\"de-CH\",\"@id\":\"https:\\\/\\\/digitalculturesandarts.ch\\\/#\\\/schema\\\/logo\\\/image\\\/\",\"url\":\"https:\\\/\\\/digitalculturesandarts.ch\\\/wp-content\\\/uploads\\\/2025\\\/04\\\/cropped-col.png\",\"contentUrl\":\"https:\\\/\\\/digitalculturesandarts.ch\\\/wp-content\\\/uploads\\\/2025\\\/04\\\/cropped-col.png\",\"width\":512,\"height\":512,\"caption\":\"digital cultures and arts\"},\"image\":{\"@id\":\"https:\\\/\\\/digitalculturesandarts.ch\\\/#\\\/schema\\\/logo\\\/image\\\/\"},\"sameAs\":[\"https:\\\/\\\/www.instagram.com\\\/digitalculturesandarts\\\/\"]}]}<\/script>\n<!-- \/ Yoast SEO plugin. -->","yoast_head_json":{"title":"Dr. Kathrin Trattner - digital cultures and arts","robots":{"index":"index","follow":"follow","max-snippet":"max-snippet:-1","max-image-preview":"max-image-preview:large","max-video-preview":"max-video-preview:-1"},"canonical":"https:\/\/digitalculturesandarts.ch\/de\/people\/dr-kathrin-trattner\/","og_locale":"de_DE","og_type":"article","og_title":"Dr. Kathrin Trattner - digital cultures and arts","og_description":"Kathrin Trattner is a postdoctoral researcher in the URPP \u00abDigital Religion(s)\u00bb at the University of Zurich. She studied German philology and religious studies at the University of Graz. In her dissertation, she investigated the construction of enemies in military shooter games from an intersectional perspective. Her research interests include discourses of identity and alterity in [&hellip;]","og_url":"https:\/\/digitalculturesandarts.ch\/de\/people\/dr-kathrin-trattner\/","og_site_name":"digital cultures and arts","article_modified_time":"2025-09-07T14:26:08+00:00","og_image":[{"width":910,"height":1214,"url":"https:\/\/digitalculturesandarts.ch\/wp-content\/uploads\/2025\/07\/kathrin-trattner-bild-e1756987475794.jpg","type":"image\/jpeg"}],"twitter_card":"summary_large_image","schema":{"@context":"https:\/\/schema.org","@graph":[{"@type":"WebPage","@id":"https:\/\/digitalculturesandarts.ch\/people\/dr-kathrin-trattner\/","url":"https:\/\/digitalculturesandarts.ch\/people\/dr-kathrin-trattner\/","name":"Dr. Kathrin Trattner - digital cultures and arts","isPartOf":{"@id":"https:\/\/digitalculturesandarts.ch\/#website"},"primaryImageOfPage":{"@id":"https:\/\/digitalculturesandarts.ch\/people\/dr-kathrin-trattner\/#primaryimage"},"image":{"@id":"https:\/\/digitalculturesandarts.ch\/people\/dr-kathrin-trattner\/#primaryimage"},"thumbnailUrl":"https:\/\/digitalculturesandarts.ch\/wp-content\/uploads\/2025\/07\/kathrin-trattner-bild-e1756987475794.jpg","datePublished":"2025-07-10T13:54:48+00:00","dateModified":"2025-09-07T14:26:08+00:00","breadcrumb":{"@id":"https:\/\/digitalculturesandarts.ch\/people\/dr-kathrin-trattner\/#breadcrumb"},"inLanguage":"de-CH","potentialAction":[{"@type":"ReadAction","target":["https:\/\/digitalculturesandarts.ch\/people\/dr-kathrin-trattner\/"]}]},{"@type":"ImageObject","inLanguage":"de-CH","@id":"https:\/\/digitalculturesandarts.ch\/people\/dr-kathrin-trattner\/#primaryimage","url":"https:\/\/digitalculturesandarts.ch\/wp-content\/uploads\/2025\/07\/kathrin-trattner-bild-e1756987475794.jpg","contentUrl":"https:\/\/digitalculturesandarts.ch\/wp-content\/uploads\/2025\/07\/kathrin-trattner-bild-e1756987475794.jpg","width":910,"height":1214,"caption":"\u00a9 Judith Recher"},{"@type":"BreadcrumbList","@id":"https:\/\/digitalculturesandarts.ch\/people\/dr-kathrin-trattner\/#breadcrumb","itemListElement":[{"@type":"ListItem","position":1,"name":"Home","item":"https:\/\/digitalculturesandarts.ch\/"},{"@type":"ListItem","position":2,"name":"Dr. Kathrin Trattner"}]},{"@type":"WebSite","@id":"https:\/\/digitalculturesandarts.ch\/#website","url":"https:\/\/digitalculturesandarts.ch\/","name":"digitale kulturen und k\u00fcnste","description":"Bridge Professorship between the University of Zurich and Zurich University of the Arts","publisher":{"@id":"https:\/\/digitalculturesandarts.ch\/#organization"},"alternateName":"digitale kulturen und k\u00fcnste","potentialAction":[{"@type":"SearchAction","target":{"@type":"EntryPoint","urlTemplate":"https:\/\/digitalculturesandarts.ch\/?s={search_term_string}"},"query-input":{"@type":"PropertyValueSpecification","valueRequired":true,"valueName":"search_term_string"}}],"inLanguage":"de-CH"},{"@type":"Organization","@id":"https:\/\/digitalculturesandarts.ch\/#organization","name":"digitale kulturen und k\u00fcnste","alternateName":"digitale kulturen und k\u00fcnste","url":"https:\/\/digitalculturesandarts.ch\/","logo":{"@type":"ImageObject","inLanguage":"de-CH","@id":"https:\/\/digitalculturesandarts.ch\/#\/schema\/logo\/image\/","url":"https:\/\/digitalculturesandarts.ch\/wp-content\/uploads\/2025\/04\/cropped-col.png","contentUrl":"https:\/\/digitalculturesandarts.ch\/wp-content\/uploads\/2025\/04\/cropped-col.png","width":512,"height":512,"caption":"digital cultures and arts"},"image":{"@id":"https:\/\/digitalculturesandarts.ch\/#\/schema\/logo\/image\/"},"sameAs":["https:\/\/www.instagram.com\/digitalculturesandarts\/"]}]}},"_links":{"self":[{"href":"https:\/\/digitalculturesandarts.ch\/de\/wp-json\/wp\/v2\/people\/5443","targetHints":{"allow":["GET"]}}],"collection":[{"href":"https:\/\/digitalculturesandarts.ch\/de\/wp-json\/wp\/v2\/people"}],"about":[{"href":"https:\/\/digitalculturesandarts.ch\/de\/wp-json\/wp\/v2\/types\/people"}],"wp:featuredmedia":[{"embeddable":true,"href":"https:\/\/digitalculturesandarts.ch\/de\/wp-json\/wp\/v2\/media\/6149"}],"wp:attachment":[{"href":"https:\/\/digitalculturesandarts.ch\/de\/wp-json\/wp\/v2\/media?parent=5443"}],"curies":[{"name":"wp","href":"https:\/\/api.w.org\/{rel}","templated":true}]}}