{"id":1682,"date":"2025-09-01T17:30:22","date_gmt":"2025-09-01T17:30:22","guid":{"rendered":"https:\/\/qiq.mjf.mybluehost.me\/?post_type=people&#038;p=1682"},"modified":"2026-04-27T12:54:51","modified_gmt":"2026-04-27T12:54:51","slug":"katharina-morawek","status":"publish","type":"people","link":"https:\/\/digitalculturesandarts.ch\/de\/people\/katharina-morawek\/","title":{"rendered":"Katharina Morawek"},"content":{"rendered":"<ul class=\"is-style-default wp-block-social-links has-icon-color has-icon-background-color is-layout-flex wp-block-social-links-is-layout-flex\"><li style=\"color:#111111;background-color:#e5e5e5;\" class=\"wp-social-link wp-social-link-bluesky has-contrast-color wp-block-social-link\"><a href=\"https:\/\/bsky.app\/profile\/katharinamorawek.bsky.social\" class=\"wp-block-social-link-anchor\"><svg width=\"24\" height=\"24\" viewbox=\"0 0 24 24\" version=\"1.1\" xmlns=\"http:\/\/www.w3.org\/2000\/svg\" aria-hidden=\"true\" focusable=\"false\"><path d=\"M6.3,4.2c2.3,1.7,4.8,5.3,5.7,7.2.9-1.9,3.4-5.4,5.7-7.2,1.7-1.3,4.3-2.2,4.3.9s-.4,5.2-.6,5.9c-.7,2.6-3.3,3.2-5.6,2.8,4,.7,5.1,3,2.9,5.3-5,5.2-6.7-2.8-6.7-2.8,0,0-1.7,8-6.7,2.8-2.2-2.3-1.2-4.6,2.9-5.3-2.3.4-4.9-.3-5.6-2.8-.2-.7-.6-5.3-.6-5.9,0-3.1,2.7-2.1,4.3-.9h0Z\"><\/path><\/svg><span class=\"wp-block-social-link-label screen-reader-text\">Bluesky<\/span><\/a><\/li>\n\n<li style=\"color:#111111;background-color:#e5e5e5;\" class=\"wp-social-link wp-social-link-mail has-contrast-color wp-block-social-link\"><a href=\"mailto:katharina.morawek@uzh.ch\" class=\"wp-block-social-link-anchor\"><svg width=\"24\" height=\"24\" viewbox=\"0 0 24 24\" version=\"1.1\" xmlns=\"http:\/\/www.w3.org\/2000\/svg\" aria-hidden=\"true\" focusable=\"false\"><path d=\"M19,5H5c-1.1,0-2,.9-2,2v10c0,1.1.9,2,2,2h14c1.1,0,2-.9,2-2V7c0-1.1-.9-2-2-2zm.5,12c0,.3-.2.5-.5.5H5c-.3,0-.5-.2-.5-.5V9.8l7.5,5.6,7.5-5.6V17zm0-9.1L12,13.6,4.5,7.9V7c0-.3.2-.5.5-.5h14c.3,0,.5.2.5.5v.9z\"><\/path><\/svg><span class=\"wp-block-social-link-label screen-reader-text\">Mail<\/span><\/a><\/li><\/ul>\n\n\n\n<div class=\"wp-block-group is-layout-flow wp-block-group-is-layout-flow\">\n<p class=\"translation-block\">Katharina Morawek ist ausgebildete Szenografin und Organisationsentwicklerin. Sie ist Gesch\u00e4ftsf\u00fchrerin des Zentrum K\u00fcnste und Kulturtheorie, einem Netzwerk von Forschenden der Universit\u00e4t Z\u00fcrich und der Z\u00fcrcher Hochschule der K\u00fcnste, mit engen Verbindungen zur Br\u00fcckenprofessur.<\/p>\n\n\n\n<p class=\"\">Sie war k\u00fcnstlerische Leiterin der Shedhalle Z\u00fcrich und gr\u00fcndete zahlreiche Initiativen rund um Fragen von Geschichtspolitik und Demokratie. Sie arbeitet mit Kulturinstitutionen an Prozessen zur Demokratisierung und multiperspektivistischen Erz\u00e4hlungen. Zwischen 2018 und 2024 baute sie das Institut Neue Schweiz INES, einen Think &amp; Act-Tanks f\u00fcr eine postmigrantische Schweiz mit auf, und war Mitglied des Vorstands.<\/p>\n<\/div>\n\n\n\n<p class=\"\"><\/p>\n\n\n\n<div class=\"animated fadeIn delay-100ms o-anim-offset-20px wp-block-group is-layout-flow wp-block-group-is-layout-flow\">\n<p style=\"font-style:normal;font-weight:600\" class=\"\">Publikationen<\/p>\n\n\n\n<div class=\"wp-block-coblocks-accordion\">\n<div class=\"wp-block-coblocks-accordion-item\"><details><summary class=\"wp-block-coblocks-accordion-item__title has-background\" style=\"background-color:#eeeeee\">Herausgeberschaften<\/summary><div class=\"wp-block-coblocks-accordion-item__content\" style=\"border-color:#eeeeee\">\n<p class=\"\"><a href=\"https:\/\/eur03.safelinks.protection.outlook.com\/?url=https%3A%2F%2Fwww.vfmk.org%2Fbooks%2Furban-citizenship&amp;data=05%7C02%7Clars.pinkwart%40zhdk.ch%7Ceeec8192b98f4fbfcc2608de88e04688%7Ceff1ebf773e54e3dbefd52d69e759214%7C1%7C0%7C639098694138389425%7CUnknown%7CTWFpbGZsb3d8eyJFbXB0eU1hcGkiOnRydWUsIlYiOiIwLjAuMDAwMCIsIlAiOiJXaW4zMiIsIkFOIjoiTWFpbCIsIldUIjoyfQ%3D%3D%7C0%7C%7C%7C&amp;sdata=UCzlyn%2B56Yht4pLm5QLMyxYO9a%2B0hGPAp5gS5CUnpQM%3D&amp;reserved=0\">Urban Citizenship. Zur Demokratisierung der Demokratie<\/a>\u00a0Hrsg. mit Martin Krenn, Verlag f\u00fcr Moderne Kunst, Wien, 2017.<\/p>\n\n\n\n<p class=\"\"><a href=\"https:\/\/eur03.safelinks.protection.outlook.com\/?url=https%3A%2F%2Fwww.mandelbaum.at%2Fbuch.php%3Fid%3D509&amp;data=05%7C02%7Clars.pinkwart%40zhdk.ch%7Ceeec8192b98f4fbfcc2608de88e04688%7Ceff1ebf773e54e3dbefd52d69e759214%7C1%7C0%7C639098694138416708%7CUnknown%7CTWFpbGZsb3d8eyJFbXB0eU1hcGkiOnRydWUsIlYiOiIwLjAuMDAwMCIsIlAiOiJXaW4zMiIsIkFOIjoiTWFpbCIsIldUIjoyfQ%3D%3D%7C0%7C%7C%7C&amp;sdata=Byr22ljBNMTuduhkXdvcZeABrbQk09daqNNbqzKWgPQ%3D&amp;reserved=0\">Diktatorpuppe zerst\u00f6rt, Schaden gering. Kunst und Geschichtspolitik im Postnazismus<\/a>, Hrsg. mit Lisa Bolyos, Mandelbaum Verlag, Wien, 2012.<\/p>\n<\/div><\/details><\/div>\n\n\n\n<div class=\"wp-block-coblocks-accordion-item\"><details><summary class=\"wp-block-coblocks-accordion-item__title has-background\" style=\"background-color:#eeeeee\">Aufs\u00e4tze und Texte<\/summary><div class=\"wp-block-coblocks-accordion-item__content\" style=\"border-color:#eeeeee\">\n<p class=\"\"><a href=\"https:\/\/eur03.safelinks.protection.outlook.com\/?url=https%3A%2F%2Fwww.stadt-zuerich.ch%2Fde%2Faktuell%2Fpublikationen%2F2023%2Fauslegeordnung-erinnerungskultur.html&amp;data=05%7C02%7Clars.pinkwart%40zhdk.ch%7Ceeec8192b98f4fbfcc2608de88e04688%7Ceff1ebf773e54e3dbefd52d69e759214%7C1%7C0%7C639098694138355581%7CUnknown%7CTWFpbGZsb3d8eyJFbXB0eU1hcGkiOnRydWUsIlYiOiIwLjAuMDAwMCIsIlAiOiJXaW4zMiIsIkFOIjoiTWFpbCIsIldUIjoyfQ%3D%3D%7C0%7C%7C%7C&amp;sdata=mzKfjzDeAxEDA3jtp9jBJGuZPmuRvO9PWAAoOUOg2rs%3D&amp;reserved=0\">Auslegeordnung \u00abErinnerungskultur Stadt Z\u00fcrich\u00bb<\/a>. Studie im Auftrag des Pr\u00e4sidialdepartements zur erinnerungskulturellen Situation in der Stadt Z\u00fcrich, Co-Autorin (zusammen mit Dr. Rachel Huber und PD Dr. Barbara L\u00fcth), 2023.<\/p>\n\n\n\n<p class=\"\">Der Eisberg der Geschichte. Perspektiven f\u00fcr eine demokratisierte Geschichtspolitik in der Schweiz, in: Handbuch Neue Schweiz, herausgegeben von INES \u2013 Institut Neue Schweiz, Diaphanes, 2021.<\/p>\n\n\n\n<p class=\"\">Alle die hier sind und die noch kommen werden, in: Stadt f\u00fcr alle. Analysen und Aneignungen, herausgegeben von Heidrun Aigner und Sarah Kumnig, Mandelbaum Verlag, Wien, 2017.<\/p>\n\n\n\n<p class=\"\">Die ganze Welt in Z\u00fcrich. Kollaborative und transformative Strategien der Verhandlung von \u00bbStadtb\u00fcrger*innenschaft\u00ab, in: Kuratieren als antirassistische Praxis, Publikationsreihe curating. ausstellungstheorie &amp; praxis, Band\u00a02, herausgegeben von Nora Sternfeld, Natalie Bayer und Belinda Kazeem, De Gruyter, Berlin, 2017.<\/p>\n\n\n\n<p class=\"\">Zur Schmelze des Eisbergs. Das Schweizer Demokratiedefizit, politische Teilhabe und neue Modelle von (Urban) Citizenship, in: Urban Citizenship. Zur Demokratisierung der Demokratie, herausgegeben von Martin Krenn und\u00a0Katharina\u00a0Morawek, Verlag f\u00fcr moderne Kunst, Wien, 2017.<\/p>\n\n\n\n<p class=\"\">Die ganze Welt in Z\u00fcrich. Kollaborative und transformative Strategien der Verhandlung von \u00abStadtb\u00fcrgerInnenschaft\u00bb, in: participate, Journal des Programmbereichs Contemporary Art &amp; Cultural Production, Salzburg, 2016.<\/p>\n<\/div><\/details><\/div>\n<\/div>\n<\/div>\n\n\n\n<p class=\"\"><\/p>","protected":false},"template":"","class_list":["post-1682","people","type-people","status-publish","has-post-thumbnail","hentry"],"yoast_head":"<!-- This site is optimized with the Yoast SEO plugin v27.4 - https:\/\/yoast.com\/product\/yoast-seo-wordpress\/ -->\n<title>Katharina Morawek - digital cultures and arts<\/title>\n<meta name=\"robots\" content=\"index, follow, max-snippet:-1, max-image-preview:large, max-video-preview:-1\" \/>\n<link rel=\"canonical\" href=\"https:\/\/digitalculturesandarts.ch\/de\/people\/katharina-morawek\/\" \/>\n<meta property=\"og:locale\" content=\"de_DE\" \/>\n<meta property=\"og:type\" content=\"article\" \/>\n<meta property=\"og:title\" content=\"Katharina Morawek - digital cultures and arts\" \/>\n<meta property=\"og:description\" content=\"Katharina Morawek is a trained scenographer and organizational developer. She is the managing director at the Center for Arts and Cultural Theory \/&nbsp;Zentrum K\u00fcnste und Kulturtheorie, a network at the interface of the University of Zurich and the Zurich University of the Arts, with close ties to the bridge professorship. She was the artistic director [&hellip;]\" \/>\n<meta property=\"og:url\" content=\"https:\/\/digitalculturesandarts.ch\/de\/people\/katharina-morawek\/\" \/>\n<meta property=\"og:site_name\" content=\"digital cultures and arts\" \/>\n<meta property=\"article:modified_time\" content=\"2026-04-27T12:54:51+00:00\" \/>\n<meta property=\"og:image\" content=\"https:\/\/digitalculturesandarts.ch\/wp-content\/uploads\/2024\/10\/DSC7330\u00a9AyseYavas2023.jpg-e1756987812263.jpg\" \/>\n\t<meta property=\"og:image:width\" content=\"1785\" \/>\n\t<meta property=\"og:image:height\" content=\"2380\" \/>\n\t<meta property=\"og:image:type\" content=\"image\/jpeg\" \/>\n<meta name=\"twitter:card\" content=\"summary_large_image\" \/>\n<script type=\"application\/ld+json\" class=\"yoast-schema-graph\">{\"@context\":\"https:\\\/\\\/schema.org\",\"@graph\":[{\"@type\":\"WebPage\",\"@id\":\"https:\\\/\\\/digitalculturesandarts.ch\\\/people\\\/katharina-morawek\\\/\",\"url\":\"https:\\\/\\\/digitalculturesandarts.ch\\\/people\\\/katharina-morawek\\\/\",\"name\":\"Katharina Morawek - digital cultures and arts\",\"isPartOf\":{\"@id\":\"https:\\\/\\\/digitalculturesandarts.ch\\\/#website\"},\"primaryImageOfPage\":{\"@id\":\"https:\\\/\\\/digitalculturesandarts.ch\\\/people\\\/katharina-morawek\\\/#primaryimage\"},\"image\":{\"@id\":\"https:\\\/\\\/digitalculturesandarts.ch\\\/people\\\/katharina-morawek\\\/#primaryimage\"},\"thumbnailUrl\":\"https:\\\/\\\/digitalculturesandarts.ch\\\/wp-content\\\/uploads\\\/2024\\\/10\\\/DSC7330\u00a9AyseYavas2023.jpg-e1756987812263.jpg\",\"datePublished\":\"2025-09-01T17:30:22+00:00\",\"dateModified\":\"2026-04-27T12:54:51+00:00\",\"breadcrumb\":{\"@id\":\"https:\\\/\\\/digitalculturesandarts.ch\\\/people\\\/katharina-morawek\\\/#breadcrumb\"},\"inLanguage\":\"de-CH\",\"potentialAction\":[{\"@type\":\"ReadAction\",\"target\":[\"https:\\\/\\\/digitalculturesandarts.ch\\\/people\\\/katharina-morawek\\\/\"]}]},{\"@type\":\"ImageObject\",\"inLanguage\":\"de-CH\",\"@id\":\"https:\\\/\\\/digitalculturesandarts.ch\\\/people\\\/katharina-morawek\\\/#primaryimage\",\"url\":\"https:\\\/\\\/digitalculturesandarts.ch\\\/wp-content\\\/uploads\\\/2024\\\/10\\\/DSC7330\u00a9AyseYavas2023.jpg-e1756987812263.jpg\",\"contentUrl\":\"https:\\\/\\\/digitalculturesandarts.ch\\\/wp-content\\\/uploads\\\/2024\\\/10\\\/DSC7330\u00a9AyseYavas2023.jpg-e1756987812263.jpg\",\"width\":1785,\"height\":2380},{\"@type\":\"BreadcrumbList\",\"@id\":\"https:\\\/\\\/digitalculturesandarts.ch\\\/people\\\/katharina-morawek\\\/#breadcrumb\",\"itemListElement\":[{\"@type\":\"ListItem\",\"position\":1,\"name\":\"Home\",\"item\":\"https:\\\/\\\/digitalculturesandarts.ch\\\/\"},{\"@type\":\"ListItem\",\"position\":2,\"name\":\"Katharina Morawek\"}]},{\"@type\":\"WebSite\",\"@id\":\"https:\\\/\\\/digitalculturesandarts.ch\\\/#website\",\"url\":\"https:\\\/\\\/digitalculturesandarts.ch\\\/\",\"name\":\"digital cultures and arts\",\"description\":\"Bridge Professorship between the University of Zurich and Zurich University of the Arts\",\"publisher\":{\"@id\":\"https:\\\/\\\/digitalculturesandarts.ch\\\/#organization\"},\"alternateName\":\"digitale kulturen und k\u00fcnste\",\"potentialAction\":[{\"@type\":\"SearchAction\",\"target\":{\"@type\":\"EntryPoint\",\"urlTemplate\":\"https:\\\/\\\/digitalculturesandarts.ch\\\/?s={search_term_string}\"},\"query-input\":{\"@type\":\"PropertyValueSpecification\",\"valueRequired\":true,\"valueName\":\"search_term_string\"}}],\"inLanguage\":\"de-CH\"},{\"@type\":\"Organization\",\"@id\":\"https:\\\/\\\/digitalculturesandarts.ch\\\/#organization\",\"name\":\"digital cultures and arts\",\"alternateName\":\"digitale kulturen und k\u00fcnste\",\"url\":\"https:\\\/\\\/digitalculturesandarts.ch\\\/\",\"logo\":{\"@type\":\"ImageObject\",\"inLanguage\":\"de-CH\",\"@id\":\"https:\\\/\\\/digitalculturesandarts.ch\\\/#\\\/schema\\\/logo\\\/image\\\/\",\"url\":\"https:\\\/\\\/digitalculturesandarts.ch\\\/wp-content\\\/uploads\\\/2025\\\/04\\\/cropped-col.png\",\"contentUrl\":\"https:\\\/\\\/digitalculturesandarts.ch\\\/wp-content\\\/uploads\\\/2025\\\/04\\\/cropped-col.png\",\"width\":512,\"height\":512,\"caption\":\"digital cultures and arts\"},\"image\":{\"@id\":\"https:\\\/\\\/digitalculturesandarts.ch\\\/#\\\/schema\\\/logo\\\/image\\\/\"},\"sameAs\":[\"https:\\\/\\\/www.instagram.com\\\/digitalculturesandarts\\\/\"]}]}<\/script>\n<!-- \/ Yoast SEO plugin. -->","yoast_head_json":{"title":"Katharina Morawek - digital cultures and arts","robots":{"index":"index","follow":"follow","max-snippet":"max-snippet:-1","max-image-preview":"max-image-preview:large","max-video-preview":"max-video-preview:-1"},"canonical":"https:\/\/digitalculturesandarts.ch\/de\/people\/katharina-morawek\/","og_locale":"de_DE","og_type":"article","og_title":"Katharina Morawek - digital cultures and arts","og_description":"Katharina Morawek is a trained scenographer and organizational developer. She is the managing director at the Center for Arts and Cultural Theory \/&nbsp;Zentrum K\u00fcnste und Kulturtheorie, a network at the interface of the University of Zurich and the Zurich University of the Arts, with close ties to the bridge professorship. She was the artistic director [&hellip;]","og_url":"https:\/\/digitalculturesandarts.ch\/de\/people\/katharina-morawek\/","og_site_name":"digital cultures and arts","article_modified_time":"2026-04-27T12:54:51+00:00","og_image":[{"width":1785,"height":2380,"url":"https:\/\/digitalculturesandarts.ch\/wp-content\/uploads\/2024\/10\/DSC7330\u00a9AyseYavas2023.jpg-e1756987812263.jpg","type":"image\/jpeg"}],"twitter_card":"summary_large_image","schema":{"@context":"https:\/\/schema.org","@graph":[{"@type":"WebPage","@id":"https:\/\/digitalculturesandarts.ch\/people\/katharina-morawek\/","url":"https:\/\/digitalculturesandarts.ch\/people\/katharina-morawek\/","name":"Katharina Morawek - digital cultures and arts","isPartOf":{"@id":"https:\/\/digitalculturesandarts.ch\/#website"},"primaryImageOfPage":{"@id":"https:\/\/digitalculturesandarts.ch\/people\/katharina-morawek\/#primaryimage"},"image":{"@id":"https:\/\/digitalculturesandarts.ch\/people\/katharina-morawek\/#primaryimage"},"thumbnailUrl":"https:\/\/digitalculturesandarts.ch\/wp-content\/uploads\/2024\/10\/DSC7330\u00a9AyseYavas2023.jpg-e1756987812263.jpg","datePublished":"2025-09-01T17:30:22+00:00","dateModified":"2026-04-27T12:54:51+00:00","breadcrumb":{"@id":"https:\/\/digitalculturesandarts.ch\/people\/katharina-morawek\/#breadcrumb"},"inLanguage":"de-CH","potentialAction":[{"@type":"ReadAction","target":["https:\/\/digitalculturesandarts.ch\/people\/katharina-morawek\/"]}]},{"@type":"ImageObject","inLanguage":"de-CH","@id":"https:\/\/digitalculturesandarts.ch\/people\/katharina-morawek\/#primaryimage","url":"https:\/\/digitalculturesandarts.ch\/wp-content\/uploads\/2024\/10\/DSC7330\u00a9AyseYavas2023.jpg-e1756987812263.jpg","contentUrl":"https:\/\/digitalculturesandarts.ch\/wp-content\/uploads\/2024\/10\/DSC7330\u00a9AyseYavas2023.jpg-e1756987812263.jpg","width":1785,"height":2380},{"@type":"BreadcrumbList","@id":"https:\/\/digitalculturesandarts.ch\/people\/katharina-morawek\/#breadcrumb","itemListElement":[{"@type":"ListItem","position":1,"name":"Home","item":"https:\/\/digitalculturesandarts.ch\/"},{"@type":"ListItem","position":2,"name":"Katharina Morawek"}]},{"@type":"WebSite","@id":"https:\/\/digitalculturesandarts.ch\/#website","url":"https:\/\/digitalculturesandarts.ch\/","name":"digitale kulturen und k\u00fcnste","description":"Bridge Professorship between the University of Zurich and Zurich University of the Arts","publisher":{"@id":"https:\/\/digitalculturesandarts.ch\/#organization"},"alternateName":"digitale kulturen und k\u00fcnste","potentialAction":[{"@type":"SearchAction","target":{"@type":"EntryPoint","urlTemplate":"https:\/\/digitalculturesandarts.ch\/?s={search_term_string}"},"query-input":{"@type":"PropertyValueSpecification","valueRequired":true,"valueName":"search_term_string"}}],"inLanguage":"de-CH"},{"@type":"Organization","@id":"https:\/\/digitalculturesandarts.ch\/#organization","name":"digitale kulturen und k\u00fcnste","alternateName":"digitale kulturen und k\u00fcnste","url":"https:\/\/digitalculturesandarts.ch\/","logo":{"@type":"ImageObject","inLanguage":"de-CH","@id":"https:\/\/digitalculturesandarts.ch\/#\/schema\/logo\/image\/","url":"https:\/\/digitalculturesandarts.ch\/wp-content\/uploads\/2025\/04\/cropped-col.png","contentUrl":"https:\/\/digitalculturesandarts.ch\/wp-content\/uploads\/2025\/04\/cropped-col.png","width":512,"height":512,"caption":"digital cultures and arts"},"image":{"@id":"https:\/\/digitalculturesandarts.ch\/#\/schema\/logo\/image\/"},"sameAs":["https:\/\/www.instagram.com\/digitalculturesandarts\/"]}]}},"_links":{"self":[{"href":"https:\/\/digitalculturesandarts.ch\/de\/wp-json\/wp\/v2\/people\/1682","targetHints":{"allow":["GET"]}}],"collection":[{"href":"https:\/\/digitalculturesandarts.ch\/de\/wp-json\/wp\/v2\/people"}],"about":[{"href":"https:\/\/digitalculturesandarts.ch\/de\/wp-json\/wp\/v2\/types\/people"}],"wp:featuredmedia":[{"embeddable":true,"href":"https:\/\/digitalculturesandarts.ch\/de\/wp-json\/wp\/v2\/media\/147"}],"wp:attachment":[{"href":"https:\/\/digitalculturesandarts.ch\/de\/wp-json\/wp\/v2\/media?parent=1682"}],"curies":[{"name":"wp","href":"https:\/\/api.w.org\/{rel}","templated":true}]}}