{"id":1681,"date":"2025-08-29T17:56:29","date_gmt":"2025-08-29T17:56:29","guid":{"rendered":"https:\/\/qiq.mjf.mybluehost.me\/?post_type=people&#038;p=1681"},"modified":"2025-12-05T22:12:44","modified_gmt":"2025-12-05T22:12:44","slug":"lars-pinkwart","status":"publish","type":"people","link":"https:\/\/digitalculturesandarts.ch\/de\/people\/lars-pinkwart\/","title":{"rendered":"Lars Pinkwart"},"content":{"rendered":"<ul class=\"is-style-default wp-block-social-links has-icon-color has-icon-background-color is-layout-flex wp-block-social-links-is-layout-flex\"><li style=\"color:#111111;background-color:#eeeeee;\" class=\"wp-social-link wp-social-link-bluesky has-contrast-color wp-block-social-link\"><a href=\"https:\/\/bsky.app\/profile\/larspinkwart.bsky.social\" class=\"wp-block-social-link-anchor\"><svg width=\"24\" height=\"24\" viewbox=\"0 0 24 24\" version=\"1.1\" xmlns=\"http:\/\/www.w3.org\/2000\/svg\" aria-hidden=\"true\" focusable=\"false\"><path d=\"M6.3,4.2c2.3,1.7,4.8,5.3,5.7,7.2.9-1.9,3.4-5.4,5.7-7.2,1.7-1.3,4.3-2.2,4.3.9s-.4,5.2-.6,5.9c-.7,2.6-3.3,3.2-5.6,2.8,4,.7,5.1,3,2.9,5.3-5,5.2-6.7-2.8-6.7-2.8,0,0-1.7,8-6.7,2.8-2.2-2.3-1.2-4.6,2.9-5.3-2.3.4-4.9-.3-5.6-2.8-.2-.7-.6-5.3-.6-5.9,0-3.1,2.7-2.1,4.3-.9h0Z\"><\/path><\/svg><span class=\"wp-block-social-link-label screen-reader-text\">Bluesky<\/span><\/a><\/li>\n\n<li style=\"color:#111111;background-color:#eeeeee;\" class=\"wp-social-link wp-social-link-mail has-contrast-color wp-block-social-link\"><a href=\"mailto:lars.pinkwart@zhdk.ch\" class=\"wp-block-social-link-anchor\"><svg width=\"24\" height=\"24\" viewbox=\"0 0 24 24\" version=\"1.1\" xmlns=\"http:\/\/www.w3.org\/2000\/svg\" aria-hidden=\"true\" focusable=\"false\"><path d=\"M19,5H5c-1.1,0-2,.9-2,2v10c0,1.1.9,2,2,2h14c1.1,0,2-.9,2-2V7c0-1.1-.9-2-2-2zm.5,12c0,.3-.2.5-.5.5H5c-.3,0-.5-.2-.5-.5V9.8l7.5,5.6,7.5-5.6V17zm0-9.1L12,13.6,4.5,7.9V7c0-.3.2-.5.5-.5h14c.3,0,.5.2.5.5v.9z\"><\/path><\/svg><span class=\"wp-block-social-link-label screen-reader-text\">Mail<\/span><\/a><\/li><\/ul>\n\n\n\n<div class=\"wp-block-group is-layout-flow wp-block-group-is-layout-flow\">\n<p class=\"\"><span style=\"font-size: revert; font-family: var(--wp--preset--font-family--abc-diatype-edu);\"><\/span>Lars Pinkwart ist seit September 2024 als wissenschaftlicher Mitarbeiter an der Br\u00fcckenprofessur t\u00e4tig. Er promoviert an der Universit\u00e4t Z\u00fcrich und graduierte 2024 im interdisziplin\u00e4ren Masterstudiengang Design and Computation zwischen der TU Berlin und der Universit\u00e4t der K\u00fcnste Berlin. Zuvor studierte er Medienwissenschaft und Visuelle Kultur in Potsdam und London. <\/p>\n\n\n\n<p class=\"\">Seine Forschungsinteressen umfassen synthetische Daten, computer-gest\u00fctzte Simulationsmodelle und die Vorstellungswelten von Ungewissheit, Kontingent und offenes Lernen welche zeitgen\u00f6ssischen Formen von Computation zugrunde liegen.<\/p>\n\n\n\n<p class=\"\"><\/p>\n\n\n\n<div class=\"animated fadeIn delay-200ms o-anim-offset-20px wp-block-group is-layout-flow wp-block-group-is-layout-flow\">\n<p style=\"font-style:normal;font-weight:600\" class=\"\">Aktivit\u00e4ten<\/p>\n\n\n\n<div class=\"wp-block-coblocks-accordion\">\n<div class=\"wp-block-coblocks-accordion-item\"><details><summary class=\"wp-block-coblocks-accordion-item__title has-background\" style=\"background-color:#eeeeee\"> Papers and Essays<\/summary><div class=\"wp-block-coblocks-accordion-item__content\" style=\"border-color:#eeeeee\">\n<p class=\"\">\u00abResilient Models. Training on Volatility\u00bb<em>,&nbsp;Umbau, Vol. 3<\/em>, October 2024, <a href=\"https:\/\/umbau.hfg-karlsruhe.de\/posts\/resilient-models-training-on-volatility\">https:\/\/umbau.hfg-karlsruhe.de\/posts\/resilient-models-training-on-volatility<\/a><\/p>\n<\/div><\/details><\/div>\n\n\n\n<div class=\"wp-block-coblocks-accordion-item\"><details><summary class=\"wp-block-coblocks-accordion-item__title has-background\" style=\"background-color:#eeeeee\">Vortr\u00e4ge und Pr\u00e4sentationen<\/summary><div class=\"wp-block-coblocks-accordion-item__content\" style=\"border-color:#eeeeee\">\n<p class=\"\">\u00ab<em>Content Maxxing<\/em>. Generative AI and the Optimization of Culture\u00bb \u2013 From Hype to Reality: AI in the Study of Art and Culture, University of Zurich, 26. November 2025.<\/p>\n\n\n\n<p class=\"\">\u00abWhat Even is Design(ed) in Generative World Models? Extending The Interactive Paradigm of Computation\u00bb \u2013 New Experimental Research in Design #7, TU Berlin, 7. November 2025.<\/p>\n\n\n\n<p class=\"\"> \u00abThe Adaptive Totalities of Generative AI Models\u00bb, Ethics and Aesthetics of Artificial Images (EA-AI), Conference, Iuav University of Venice, May 2025.&nbsp;<\/p>\n\n\n\n<p class=\"\">\u00abOpen-ended Encounters: Synthetischen Umwelten, Intelligente Agenten?\u00bb,&nbsp;<em>K\u00fcnstliche Intelligenzen und ihre Umwelten<\/em>, Workshop, Bauhaus Universit\u00e4t Weimar, January 2025<\/p>\n\n\n\n<p class=\"\">\u00abFrom The Postwar Period To The World Picture of AI?\u00bb,&nbsp;<em>Artificial Intelligence, Social Machines, and the Future of Democratic Societies<\/em>, Summer School, University of Bonn, September 2024.<\/p>\n<\/div><\/details><\/div>\n\n\n\n<div class=\"wp-block-coblocks-accordion-item\"><details><summary class=\"wp-block-coblocks-accordion-item__title has-background\" style=\"background-color:#eeeeee\">Andere Aktivit\u00e4ten<\/summary><div class=\"wp-block-coblocks-accordion-item__content\" style=\"border-color:#eeeeee\">\n<p class=\"\">\u00abReact &amp; Respond. Image Cultures under Platform Capitalism\u00bb \u2013 Co-Organisation together with Roland Meyer, Zurich University of the Arts &amp; University of Zurich in cooperation with Kino Xenix and Fotomuseum Winterthur, 2\u20134. October 2025.<\/p>\n\n\n\n<p class=\"\">Podcast Episode: \u00abWissenschaft, Technologie und Design \u2013 wie passt das zusammen?\u00bb, Form &amp; Funktion, Berlin Partner f\u00fcr Wirtschaft und Technologie, Summer 2024.<\/p>\n\n\n\n<p class=\"\">Event Series: \u00abLoops\u00bb \u2014 Co-Curation (2023-24) with guests Matteo Pasquinelli, Orit Halpern, Milagros Miceli, John-Dylan Haynes, Vladan Joler, AA Cavia and others, prize winner of the Projekt Zukunft Berlin.<\/p>\n<\/div><\/details><\/div>\n<\/div>\n<\/div>\n\n\n\n<p class=\"\"><\/p>\n<\/div>","protected":false},"template":"","class_list":["post-1681","people","type-people","status-publish","has-post-thumbnail","hentry"],"yoast_head":"<!-- This site is optimized with the Yoast SEO plugin v27.4 - https:\/\/yoast.com\/product\/yoast-seo-wordpress\/ -->\n<title>Lars Pinkwart - digital cultures and arts<\/title>\n<meta name=\"robots\" content=\"index, follow, max-snippet:-1, max-image-preview:large, max-video-preview:-1\" \/>\n<link rel=\"canonical\" href=\"https:\/\/digitalculturesandarts.ch\/de\/people\/lars-pinkwart\/\" \/>\n<meta property=\"og:locale\" content=\"de_DE\" \/>\n<meta property=\"og:type\" content=\"article\" \/>\n<meta property=\"og:title\" content=\"Lars Pinkwart - digital cultures and arts\" \/>\n<meta property=\"og:description\" content=\"Since September 2024, Lars Pinkwart is a research associate at the bridge professorship. He is pursuing a PhD at the University of Zurich, and holds an interdisciplinary MA in Design and Computation between TU Berlin and University of the Arts Berlin. Before, he studied media studies and visual culture in Potsdam and London. His research [&hellip;]\" \/>\n<meta property=\"og:url\" content=\"https:\/\/digitalculturesandarts.ch\/de\/people\/lars-pinkwart\/\" \/>\n<meta property=\"og:site_name\" content=\"digital cultures and arts\" \/>\n<meta property=\"article:modified_time\" content=\"2025-12-05T22:12:44+00:00\" \/>\n<meta property=\"og:image\" content=\"https:\/\/digitalculturesandarts.ch\/wp-content\/uploads\/2025\/09\/DSC09628-e1756988055401.jpeg\" \/>\n\t<meta property=\"og:image:width\" content=\"778\" \/>\n\t<meta property=\"og:image:height\" content=\"1040\" \/>\n\t<meta property=\"og:image:type\" content=\"image\/jpeg\" \/>\n<meta name=\"twitter:card\" content=\"summary_large_image\" \/>\n<script type=\"application\/ld+json\" class=\"yoast-schema-graph\">{\"@context\":\"https:\\\/\\\/schema.org\",\"@graph\":[{\"@type\":\"WebPage\",\"@id\":\"https:\\\/\\\/digitalculturesandarts.ch\\\/people\\\/lars-pinkwart\\\/\",\"url\":\"https:\\\/\\\/digitalculturesandarts.ch\\\/people\\\/lars-pinkwart\\\/\",\"name\":\"Lars Pinkwart - digital cultures and arts\",\"isPartOf\":{\"@id\":\"https:\\\/\\\/digitalculturesandarts.ch\\\/#website\"},\"primaryImageOfPage\":{\"@id\":\"https:\\\/\\\/digitalculturesandarts.ch\\\/people\\\/lars-pinkwart\\\/#primaryimage\"},\"image\":{\"@id\":\"https:\\\/\\\/digitalculturesandarts.ch\\\/people\\\/lars-pinkwart\\\/#primaryimage\"},\"thumbnailUrl\":\"https:\\\/\\\/digitalculturesandarts.ch\\\/wp-content\\\/uploads\\\/2025\\\/09\\\/DSC09628-e1756988055401.jpeg\",\"datePublished\":\"2025-08-29T17:56:29+00:00\",\"dateModified\":\"2025-12-05T22:12:44+00:00\",\"breadcrumb\":{\"@id\":\"https:\\\/\\\/digitalculturesandarts.ch\\\/people\\\/lars-pinkwart\\\/#breadcrumb\"},\"inLanguage\":\"de-CH\",\"potentialAction\":[{\"@type\":\"ReadAction\",\"target\":[\"https:\\\/\\\/digitalculturesandarts.ch\\\/people\\\/lars-pinkwart\\\/\"]}]},{\"@type\":\"ImageObject\",\"inLanguage\":\"de-CH\",\"@id\":\"https:\\\/\\\/digitalculturesandarts.ch\\\/people\\\/lars-pinkwart\\\/#primaryimage\",\"url\":\"https:\\\/\\\/digitalculturesandarts.ch\\\/wp-content\\\/uploads\\\/2025\\\/09\\\/DSC09628-e1756988055401.jpeg\",\"contentUrl\":\"https:\\\/\\\/digitalculturesandarts.ch\\\/wp-content\\\/uploads\\\/2025\\\/09\\\/DSC09628-e1756988055401.jpeg\",\"width\":778,\"height\":1040,\"caption\":\"Portrait of Lars Pinkwart\"},{\"@type\":\"BreadcrumbList\",\"@id\":\"https:\\\/\\\/digitalculturesandarts.ch\\\/people\\\/lars-pinkwart\\\/#breadcrumb\",\"itemListElement\":[{\"@type\":\"ListItem\",\"position\":1,\"name\":\"Home\",\"item\":\"https:\\\/\\\/digitalculturesandarts.ch\\\/\"},{\"@type\":\"ListItem\",\"position\":2,\"name\":\"Lars Pinkwart\"}]},{\"@type\":\"WebSite\",\"@id\":\"https:\\\/\\\/digitalculturesandarts.ch\\\/#website\",\"url\":\"https:\\\/\\\/digitalculturesandarts.ch\\\/\",\"name\":\"digital cultures and arts\",\"description\":\"Bridge Professorship between the University of Zurich and Zurich University of the Arts\",\"publisher\":{\"@id\":\"https:\\\/\\\/digitalculturesandarts.ch\\\/#organization\"},\"alternateName\":\"digitale kulturen und k\u00fcnste\",\"potentialAction\":[{\"@type\":\"SearchAction\",\"target\":{\"@type\":\"EntryPoint\",\"urlTemplate\":\"https:\\\/\\\/digitalculturesandarts.ch\\\/?s={search_term_string}\"},\"query-input\":{\"@type\":\"PropertyValueSpecification\",\"valueRequired\":true,\"valueName\":\"search_term_string\"}}],\"inLanguage\":\"de-CH\"},{\"@type\":\"Organization\",\"@id\":\"https:\\\/\\\/digitalculturesandarts.ch\\\/#organization\",\"name\":\"digital cultures and arts\",\"alternateName\":\"digitale kulturen und k\u00fcnste\",\"url\":\"https:\\\/\\\/digitalculturesandarts.ch\\\/\",\"logo\":{\"@type\":\"ImageObject\",\"inLanguage\":\"de-CH\",\"@id\":\"https:\\\/\\\/digitalculturesandarts.ch\\\/#\\\/schema\\\/logo\\\/image\\\/\",\"url\":\"https:\\\/\\\/digitalculturesandarts.ch\\\/wp-content\\\/uploads\\\/2025\\\/04\\\/cropped-col.png\",\"contentUrl\":\"https:\\\/\\\/digitalculturesandarts.ch\\\/wp-content\\\/uploads\\\/2025\\\/04\\\/cropped-col.png\",\"width\":512,\"height\":512,\"caption\":\"digital cultures and arts\"},\"image\":{\"@id\":\"https:\\\/\\\/digitalculturesandarts.ch\\\/#\\\/schema\\\/logo\\\/image\\\/\"},\"sameAs\":[\"https:\\\/\\\/www.instagram.com\\\/digitalculturesandarts\\\/\"]}]}<\/script>\n<!-- \/ Yoast SEO plugin. -->","yoast_head_json":{"title":"Lars Pinkwart - digital cultures and arts","robots":{"index":"index","follow":"follow","max-snippet":"max-snippet:-1","max-image-preview":"max-image-preview:large","max-video-preview":"max-video-preview:-1"},"canonical":"https:\/\/digitalculturesandarts.ch\/de\/people\/lars-pinkwart\/","og_locale":"de_DE","og_type":"article","og_title":"Lars Pinkwart - digital cultures and arts","og_description":"Since September 2024, Lars Pinkwart is a research associate at the bridge professorship. He is pursuing a PhD at the University of Zurich, and holds an interdisciplinary MA in Design and Computation between TU Berlin and University of the Arts Berlin. Before, he studied media studies and visual culture in Potsdam and London. His research [&hellip;]","og_url":"https:\/\/digitalculturesandarts.ch\/de\/people\/lars-pinkwart\/","og_site_name":"digital cultures and arts","article_modified_time":"2025-12-05T22:12:44+00:00","og_image":[{"width":778,"height":1040,"url":"https:\/\/digitalculturesandarts.ch\/wp-content\/uploads\/2025\/09\/DSC09628-e1756988055401.jpeg","type":"image\/jpeg"}],"twitter_card":"summary_large_image","schema":{"@context":"https:\/\/schema.org","@graph":[{"@type":"WebPage","@id":"https:\/\/digitalculturesandarts.ch\/people\/lars-pinkwart\/","url":"https:\/\/digitalculturesandarts.ch\/people\/lars-pinkwart\/","name":"Lars Pinkwart - digital cultures and arts","isPartOf":{"@id":"https:\/\/digitalculturesandarts.ch\/#website"},"primaryImageOfPage":{"@id":"https:\/\/digitalculturesandarts.ch\/people\/lars-pinkwart\/#primaryimage"},"image":{"@id":"https:\/\/digitalculturesandarts.ch\/people\/lars-pinkwart\/#primaryimage"},"thumbnailUrl":"https:\/\/digitalculturesandarts.ch\/wp-content\/uploads\/2025\/09\/DSC09628-e1756988055401.jpeg","datePublished":"2025-08-29T17:56:29+00:00","dateModified":"2025-12-05T22:12:44+00:00","breadcrumb":{"@id":"https:\/\/digitalculturesandarts.ch\/people\/lars-pinkwart\/#breadcrumb"},"inLanguage":"de-CH","potentialAction":[{"@type":"ReadAction","target":["https:\/\/digitalculturesandarts.ch\/people\/lars-pinkwart\/"]}]},{"@type":"ImageObject","inLanguage":"de-CH","@id":"https:\/\/digitalculturesandarts.ch\/people\/lars-pinkwart\/#primaryimage","url":"https:\/\/digitalculturesandarts.ch\/wp-content\/uploads\/2025\/09\/DSC09628-e1756988055401.jpeg","contentUrl":"https:\/\/digitalculturesandarts.ch\/wp-content\/uploads\/2025\/09\/DSC09628-e1756988055401.jpeg","width":778,"height":1040,"caption":"Portrait of Lars Pinkwart"},{"@type":"BreadcrumbList","@id":"https:\/\/digitalculturesandarts.ch\/people\/lars-pinkwart\/#breadcrumb","itemListElement":[{"@type":"ListItem","position":1,"name":"Home","item":"https:\/\/digitalculturesandarts.ch\/"},{"@type":"ListItem","position":2,"name":"Lars Pinkwart"}]},{"@type":"WebSite","@id":"https:\/\/digitalculturesandarts.ch\/#website","url":"https:\/\/digitalculturesandarts.ch\/","name":"digitale kulturen und k\u00fcnste","description":"Bridge Professorship between the University of Zurich and Zurich University of the Arts","publisher":{"@id":"https:\/\/digitalculturesandarts.ch\/#organization"},"alternateName":"digitale kulturen und k\u00fcnste","potentialAction":[{"@type":"SearchAction","target":{"@type":"EntryPoint","urlTemplate":"https:\/\/digitalculturesandarts.ch\/?s={search_term_string}"},"query-input":{"@type":"PropertyValueSpecification","valueRequired":true,"valueName":"search_term_string"}}],"inLanguage":"de-CH"},{"@type":"Organization","@id":"https:\/\/digitalculturesandarts.ch\/#organization","name":"digitale kulturen und k\u00fcnste","alternateName":"digitale kulturen und k\u00fcnste","url":"https:\/\/digitalculturesandarts.ch\/","logo":{"@type":"ImageObject","inLanguage":"de-CH","@id":"https:\/\/digitalculturesandarts.ch\/#\/schema\/logo\/image\/","url":"https:\/\/digitalculturesandarts.ch\/wp-content\/uploads\/2025\/04\/cropped-col.png","contentUrl":"https:\/\/digitalculturesandarts.ch\/wp-content\/uploads\/2025\/04\/cropped-col.png","width":512,"height":512,"caption":"digital cultures and arts"},"image":{"@id":"https:\/\/digitalculturesandarts.ch\/#\/schema\/logo\/image\/"},"sameAs":["https:\/\/www.instagram.com\/digitalculturesandarts\/"]}]}},"_links":{"self":[{"href":"https:\/\/digitalculturesandarts.ch\/de\/wp-json\/wp\/v2\/people\/1681","targetHints":{"allow":["GET"]}}],"collection":[{"href":"https:\/\/digitalculturesandarts.ch\/de\/wp-json\/wp\/v2\/people"}],"about":[{"href":"https:\/\/digitalculturesandarts.ch\/de\/wp-json\/wp\/v2\/types\/people"}],"wp:featuredmedia":[{"embeddable":true,"href":"https:\/\/digitalculturesandarts.ch\/de\/wp-json\/wp\/v2\/media\/6199"}],"wp:attachment":[{"href":"https:\/\/digitalculturesandarts.ch\/de\/wp-json\/wp\/v2\/media?parent=1681"}],"curies":[{"name":"wp","href":"https:\/\/api.w.org\/{rel}","templated":true}]}}