{"id":2811,"date":"2025-03-24T09:14:23","date_gmt":"2025-03-24T09:14:23","guid":{"rendered":"https:\/\/qiq.mjf.mybluehost.me\/?page_id=2811"},"modified":"2025-12-05T22:09:38","modified_gmt":"2025-12-05T22:09:38","slug":"research","status":"publish","type":"page","link":"https:\/\/digitalculturesandarts.ch\/de\/research\/","title":{"rendered":"forschung"},"content":{"rendered":"<div class=\"wp-block-group is-layout-flow wp-container-core-group-is-layout-a77db08e wp-block-group-is-layout-flow\">\n<div class=\"wp-block-columns is-layout-flex wp-container-core-columns-is-layout-28bf773b wp-block-columns-is-layout-flex\" style=\"margin-top:0;margin-bottom:0;padding-top:0;padding-right:0;padding-bottom:0;padding-left:0\">\n<div class=\"wp-block-column is-layout-flow wp-block-column-is-layout-flow\" style=\"flex-basis:33%\">\n<div class=\"wp-block-group is-vertical is-layout-flex wp-container-core-group-is-layout-b5ec4f44 wp-block-group-is-layout-flex\">\n<div class=\"wp-block-group has-global-padding is-content-justification-left is-layout-constrained wp-container-core-group-is-layout-cc1c0e03 wp-block-group-is-layout-constrained\" style=\"padding-right:var(--wp--preset--spacing--10);padding-left:var(--wp--preset--spacing--10)\">\n<hr class=\"is-style-wide wp-block-separator has-alpha-channel-opacity\">\n<\/div>\n\n\n\n<hr class=\"is-style-wide wp-block-separator has-text-color has-alpha-channel-opacity has-background\" style=\"margin-top:0rem;margin-bottom:1.2rem;background-color:#dcdcdc;color:#dcdcdc\">\n\n\n\n<p class=\"o-typing-fast has-custom-2-font-size coblocks-animate\" style=\"padding-bottom:0;font-style:normal;font-weight:500\" data-coblocks-animation=\"fadeIn\">Traumwelten des Plattformkapitalismus. Vernetzte Bildkulturen und generative KI&nbsp;<\/p>\n\n\n\n<figure class=\"wp-block-image size-full cc-hide-on-tablet cc-hide-on-desktop\" style=\"margin-top:1.3rem;margin-bottom:0\"><noscript><img decoding=\"async\" width=\"1792\" height=\"1024\" src=\"https:\/\/digitalculturesandarts.ch\/wp-content\/uploads\/2025\/09\/meyer-Dall-E-via-Sam-Altman-on-Twitter-2.jpeg\" alt class=\"wp-image-5547\" srcset=\"https:\/\/digitalculturesandarts.ch\/wp-content\/uploads\/2025\/09\/meyer-Dall-E-via-Sam-Altman-on-Twitter-2.jpeg 1792w, https:\/\/digitalculturesandarts.ch\/wp-content\/uploads\/2025\/09\/meyer-Dall-E-via-Sam-Altman-on-Twitter-2-300x171.jpeg 300w, https:\/\/digitalculturesandarts.ch\/wp-content\/uploads\/2025\/09\/meyer-Dall-E-via-Sam-Altman-on-Twitter-2-1024x585.jpeg 1024w, https:\/\/digitalculturesandarts.ch\/wp-content\/uploads\/2025\/09\/meyer-Dall-E-via-Sam-Altman-on-Twitter-2-768x439.jpeg 768w, https:\/\/digitalculturesandarts.ch\/wp-content\/uploads\/2025\/09\/meyer-Dall-E-via-Sam-Altman-on-Twitter-2-1536x878.jpeg 1536w, https:\/\/digitalculturesandarts.ch\/wp-content\/uploads\/2025\/09\/meyer-Dall-E-via-Sam-Altman-on-Twitter-2-18x10.jpeg 18w\" sizes=\"(max-width: 1792px) 100vw, 1792px\"><\/noscript><img decoding=\"async\" width=\"1792\" height=\"1024\" src=\"data:image\/svg+xml,%3Csvg%20xmlns%3D%22http%3A%2F%2Fwww.w3.org%2F2000%2Fsvg%22%20viewBox%3D%220%200%201792%201024%22%3E%3C%2Fsvg%3E\" alt class=\"wp-image-5547 lazyload\" srcset=\"data:image\/svg+xml,%3Csvg%20xmlns%3D%22http%3A%2F%2Fwww.w3.org%2F2000%2Fsvg%22%20viewBox%3D%220%200%201792%201024%22%3E%3C%2Fsvg%3E 1792w\" sizes=\"(max-width: 1792px) 100vw, 1792px\" data-srcset=\"https:\/\/digitalculturesandarts.ch\/wp-content\/uploads\/2025\/09\/meyer-Dall-E-via-Sam-Altman-on-Twitter-2.jpeg 1792w, https:\/\/digitalculturesandarts.ch\/wp-content\/uploads\/2025\/09\/meyer-Dall-E-via-Sam-Altman-on-Twitter-2-300x171.jpeg 300w, https:\/\/digitalculturesandarts.ch\/wp-content\/uploads\/2025\/09\/meyer-Dall-E-via-Sam-Altman-on-Twitter-2-1024x585.jpeg 1024w, https:\/\/digitalculturesandarts.ch\/wp-content\/uploads\/2025\/09\/meyer-Dall-E-via-Sam-Altman-on-Twitter-2-768x439.jpeg 768w, https:\/\/digitalculturesandarts.ch\/wp-content\/uploads\/2025\/09\/meyer-Dall-E-via-Sam-Altman-on-Twitter-2-1536x878.jpeg 1536w, https:\/\/digitalculturesandarts.ch\/wp-content\/uploads\/2025\/09\/meyer-Dall-E-via-Sam-Altman-on-Twitter-2-18x10.jpeg 18w\" data-src=\"https:\/\/digitalculturesandarts.ch\/wp-content\/uploads\/2025\/09\/meyer-Dall-E-via-Sam-Altman-on-Twitter-2.jpeg\"><\/figure>\n<\/div>\n<\/div>\n\n\n\n<div class=\"wp-block-column is-layout-flow wp-block-column-is-layout-flow\" style=\"flex-basis:33%\">\n<p class=\"has-custom-1-font-size\" style=\"line-height:1.3\">W\u00e4hrend der anf\u00e4ngliche Hype um KI-Bild- und Videogeneratoren wie Dall-E, Midjourney, Stable Diffusion oder Sora langsam abklingt, wird ihr massiver Einfluss auf vernetzte Bildkulturen immer sichtbarer: Social-Media-Plattformen werden mit \u00abAI Slop\u00bb und synthetischem Clickbait \u00fcberschwemmt, rechte Online-Accounts sind zu Superspreadern KI-generierter Memes und Propaganda geworden, und ein weit verbreitetes Misstrauen gegen\u00fcber digitalen Bildern hat neue Formen der pseudo-forensischen Analyse popul\u00e4r gemacht.&nbsp;<\/p>\n\n\n\n<p class=\"has-custom-1-font-size\" style=\"line-height:1.3\">Das Buchprojekt \u00abDreamworlds of Platform Capitalism\u00bb versucht sich an einer Kartierung dieser entstehenden synthetischen Bildwelten. Anstatt zu fragen, ob Maschinen jemals kreativ werden oder sogar Kunst produzieren k\u00f6nnen, konzentriert es sich auf die infrastrukturellen Bedingungen bildgenerativer KI sowie deren wirtschaftliche, politische und \u00e4sthetische Implikationen. Denn die neuen synthetischen Bildwelten generativer KI sind nicht nur daf\u00fcr gemacht, \u00fcber Social-Media-Plattformen geteilt, geliked und kommentiert zu werden \u2013 sie sind ganz wesentlich ein Produkt dieser Plattformen, ihrer Datenaggregationen, Filter\u00e4sthetiken, Reaktions\u00f6konomien und Monetarisierungsmodelle. Mehr als jede m\u00f6gliche Realit\u00e4t bilden KI-Bilder und -Videos daher vielleicht den Plattformkapitalismus selbst an, wenngleich in einer Art traum\u00e4hnlichen Form: eine geschlossene Welt aus sich endlos wiederholenden Mustern der Vergangenheit, angetrieben von kontinuierlichen Feedbackschleifen und daraufhin optimiert, quantifizierbare Nutzer-Reaktionen zu generieren.<\/p>\n\n\n\n<p style=\"font-size:clamp(0.875rem, 0.875rem + ((1vw - 0.2rem) * 0.375), 1.1rem);line-height:1.3\" class><\/p>\n<\/div>\n\n\n\n<div class=\"wp-block-column is-layout-flow wp-block-column-is-layout-flow\" style=\"flex-basis:33%\">\n<figure class=\"wp-block-image size-full cc-hide-on-mobile\" style=\"margin-top:7px;margin-bottom:0\"><noscript><img decoding=\"async\" width=\"1792\" height=\"1024\" src=\"https:\/\/digitalculturesandarts.ch\/wp-content\/uploads\/2025\/09\/meyer-Dall-E-via-Sam-Altman-on-Twitter-2.jpeg\" alt class=\"wp-image-5547\" srcset=\"https:\/\/digitalculturesandarts.ch\/wp-content\/uploads\/2025\/09\/meyer-Dall-E-via-Sam-Altman-on-Twitter-2.jpeg 1792w, https:\/\/digitalculturesandarts.ch\/wp-content\/uploads\/2025\/09\/meyer-Dall-E-via-Sam-Altman-on-Twitter-2-300x171.jpeg 300w, https:\/\/digitalculturesandarts.ch\/wp-content\/uploads\/2025\/09\/meyer-Dall-E-via-Sam-Altman-on-Twitter-2-1024x585.jpeg 1024w, https:\/\/digitalculturesandarts.ch\/wp-content\/uploads\/2025\/09\/meyer-Dall-E-via-Sam-Altman-on-Twitter-2-768x439.jpeg 768w, https:\/\/digitalculturesandarts.ch\/wp-content\/uploads\/2025\/09\/meyer-Dall-E-via-Sam-Altman-on-Twitter-2-1536x878.jpeg 1536w, https:\/\/digitalculturesandarts.ch\/wp-content\/uploads\/2025\/09\/meyer-Dall-E-via-Sam-Altman-on-Twitter-2-18x10.jpeg 18w\" sizes=\"(max-width: 1792px) 100vw, 1792px\"><\/noscript><img decoding=\"async\" width=\"1792\" height=\"1024\" src=\"data:image\/svg+xml,%3Csvg%20xmlns%3D%22http%3A%2F%2Fwww.w3.org%2F2000%2Fsvg%22%20viewBox%3D%220%200%201792%201024%22%3E%3C%2Fsvg%3E\" alt class=\"wp-image-5547 lazyload\" srcset=\"data:image\/svg+xml,%3Csvg%20xmlns%3D%22http%3A%2F%2Fwww.w3.org%2F2000%2Fsvg%22%20viewBox%3D%220%200%201792%201024%22%3E%3C%2Fsvg%3E 1792w\" sizes=\"(max-width: 1792px) 100vw, 1792px\" data-srcset=\"https:\/\/digitalculturesandarts.ch\/wp-content\/uploads\/2025\/09\/meyer-Dall-E-via-Sam-Altman-on-Twitter-2.jpeg 1792w, https:\/\/digitalculturesandarts.ch\/wp-content\/uploads\/2025\/09\/meyer-Dall-E-via-Sam-Altman-on-Twitter-2-300x171.jpeg 300w, https:\/\/digitalculturesandarts.ch\/wp-content\/uploads\/2025\/09\/meyer-Dall-E-via-Sam-Altman-on-Twitter-2-1024x585.jpeg 1024w, https:\/\/digitalculturesandarts.ch\/wp-content\/uploads\/2025\/09\/meyer-Dall-E-via-Sam-Altman-on-Twitter-2-768x439.jpeg 768w, https:\/\/digitalculturesandarts.ch\/wp-content\/uploads\/2025\/09\/meyer-Dall-E-via-Sam-Altman-on-Twitter-2-1536x878.jpeg 1536w, https:\/\/digitalculturesandarts.ch\/wp-content\/uploads\/2025\/09\/meyer-Dall-E-via-Sam-Altman-on-Twitter-2-18x10.jpeg 18w\" data-src=\"https:\/\/digitalculturesandarts.ch\/wp-content\/uploads\/2025\/09\/meyer-Dall-E-via-Sam-Altman-on-Twitter-2.jpeg\"><\/figure>\n\n\n\n<hr class=\"is-style-wide wp-block-separator has-text-color has-alpha-channel-opacity has-background\" style=\"margin-top:var(--wp--preset--spacing--20);margin-bottom:var(--wp--preset--spacing--10);background-color:#dcdcdc;color:#dcdcdc\">\n\n\n\n<p class=\"has-custom-1-font-size\" style=\"margin-top:10px;margin-bottom:10px;padding-top:0;padding-bottom:0\"><strong>Aktivit\u00e4ten<\/strong><\/p>\n\n\n\n<div class=\"wp-block-query is-layout-flow wp-block-query-is-layout-flow\"><ul class=\"wp-block-post-template is-layout-flow wp-container-core-post-template-is-layout-ea1fff98 wp-block-post-template-is-layout-flow\"><li class=\"wp-block-post post-1841 post type-post status-publish format-standard has-post-thumbnail hentry category-event tag-generativeai\">\n\n<div class=\"animated fadeIn delay-200ms o-anim-offset-10px wp-block-columns is-not-stacked-on-mobile is-layout-flex wp-container-core-columns-is-layout-28f84493 wp-block-columns-is-layout-flex\">\n<div class=\"wp-block-column is-vertically-aligned-center is-layout-flow wp-block-column-is-layout-flow\" style=\"flex-basis:20%\">\n<div class=\"wp-block-group is-layout-flow wp-block-group-is-layout-flow\"><figure class=\"wp-block-post-featured-image\"><noscript><img decoding=\"async\" width=\"1960\" height=\"2560\" src=\"https:\/\/digitalculturesandarts.ch\/wp-content\/uploads\/2025\/09\/duotone-43-scaled.png\" class=\"attachment-post-thumbnail size-post-thumbnail wp-post-image\" alt style=\"object-fit:cover;\" srcset=\"https:\/\/digitalculturesandarts.ch\/wp-content\/uploads\/2025\/09\/duotone-43-scaled.png 1960w, https:\/\/digitalculturesandarts.ch\/wp-content\/uploads\/2025\/09\/duotone-43-230x300.png 230w, https:\/\/digitalculturesandarts.ch\/wp-content\/uploads\/2025\/09\/duotone-43-784x1024.png 784w, https:\/\/digitalculturesandarts.ch\/wp-content\/uploads\/2025\/09\/duotone-43-768x1003.png 768w, https:\/\/digitalculturesandarts.ch\/wp-content\/uploads\/2025\/09\/duotone-43-1176x1536.png 1176w, https:\/\/digitalculturesandarts.ch\/wp-content\/uploads\/2025\/09\/duotone-43-1568x2048.png 1568w, https:\/\/digitalculturesandarts.ch\/wp-content\/uploads\/2025\/09\/duotone-43-9x12.png 9w\" sizes=\"(max-width: 1960px) 100vw, 1960px\"><\/noscript><img decoding=\"async\" width=\"1960\" height=\"2560\" src=\"data:image\/svg+xml,%3Csvg%20xmlns%3D%22http%3A%2F%2Fwww.w3.org%2F2000%2Fsvg%22%20viewBox%3D%220%200%201960%202560%22%3E%3C%2Fsvg%3E\" class=\"attachment-post-thumbnail size-post-thumbnail wp-post-image lazyload\" alt style=\"object-fit:cover;\" srcset=\"data:image\/svg+xml,%3Csvg%20xmlns%3D%22http%3A%2F%2Fwww.w3.org%2F2000%2Fsvg%22%20viewBox%3D%220%200%201960%202560%22%3E%3C%2Fsvg%3E 1960w\" sizes=\"(max-width: 1960px) 100vw, 1960px\" data-srcset=\"https:\/\/digitalculturesandarts.ch\/wp-content\/uploads\/2025\/09\/duotone-43-scaled.png 1960w, https:\/\/digitalculturesandarts.ch\/wp-content\/uploads\/2025\/09\/duotone-43-230x300.png 230w, https:\/\/digitalculturesandarts.ch\/wp-content\/uploads\/2025\/09\/duotone-43-784x1024.png 784w, https:\/\/digitalculturesandarts.ch\/wp-content\/uploads\/2025\/09\/duotone-43-768x1003.png 768w, https:\/\/digitalculturesandarts.ch\/wp-content\/uploads\/2025\/09\/duotone-43-1176x1536.png 1176w, https:\/\/digitalculturesandarts.ch\/wp-content\/uploads\/2025\/09\/duotone-43-1568x2048.png 1568w, https:\/\/digitalculturesandarts.ch\/wp-content\/uploads\/2025\/09\/duotone-43-9x12.png 9w\" data-src=\"https:\/\/digitalculturesandarts.ch\/wp-content\/uploads\/2025\/09\/duotone-43-scaled.png\"><\/figure><\/div>\n<\/div>\n\n\n\n<div class=\"wp-block-column is-vertically-aligned-top is-layout-flow wp-container-core-column-is-layout-fe0e2ea3 wp-block-column-is-layout-flow\" style=\"flex-basis:80%\"><h2 style=\"font-size:clamp(0.875rem, 0.875rem + ((1vw - 0.2rem) * 0.375), 1.1rem);font-style:normal;font-weight:500;\" class=\"wp-block-post-title has-abc-diatype-unlicensed-trial-font-family\"><a href=\"https:\/\/digitalculturesandarts.ch\/de\/react-respond\/\" target=\"_self\">Internationale Konferenz: \u00abReact &amp; Respond. Image Cultures under Platform Capitalism\u00bb<\/a><\/h2>\n\n<div style=\"text-transform:lowercase\" class=\"taxonomy-category has-link-color wp-elements-66b9fa4c45647b3cac4370190666df49 wp-block-post-terms has-text-color has-contrast-2-color has-abc-diatype-unlicensed-trial-font-family\"><a href=\"https:\/\/digitalculturesandarts.ch\/de\/category\/event\/\" rel=\"tag\">veranstaltung<\/a><\/div><\/div>\n<\/div>\n\n<\/li><li class=\"wp-block-post post-6060 post type-post status-publish format-standard has-post-thumbnail hentry category-news tag-generativeai\">\n\n<div class=\"animated fadeIn delay-200ms o-anim-offset-10px wp-block-columns is-not-stacked-on-mobile is-layout-flex wp-container-core-columns-is-layout-28f84493 wp-block-columns-is-layout-flex\">\n<div class=\"wp-block-column is-vertically-aligned-center is-layout-flow wp-block-column-is-layout-flow\" style=\"flex-basis:20%\">\n<div class=\"wp-block-group is-layout-flow wp-block-group-is-layout-flow\"><figure class=\"wp-block-post-featured-image\"><noscript><img decoding=\"async\" width=\"1422\" height=\"988\" src=\"https:\/\/digitalculturesandarts.ch\/wp-content\/uploads\/2025\/03\/duotone-25.png\" class=\"attachment-post-thumbnail size-post-thumbnail wp-post-image\" alt style=\"object-fit:cover;\" srcset=\"https:\/\/digitalculturesandarts.ch\/wp-content\/uploads\/2025\/03\/duotone-25.png 1422w, https:\/\/digitalculturesandarts.ch\/wp-content\/uploads\/2025\/03\/duotone-25-300x208.png 300w, https:\/\/digitalculturesandarts.ch\/wp-content\/uploads\/2025\/03\/duotone-25-1024x711.png 1024w, https:\/\/digitalculturesandarts.ch\/wp-content\/uploads\/2025\/03\/duotone-25-768x534.png 768w, https:\/\/digitalculturesandarts.ch\/wp-content\/uploads\/2025\/03\/duotone-25-18x12.png 18w\" sizes=\"(max-width: 1422px) 100vw, 1422px\"><\/noscript><img decoding=\"async\" width=\"1422\" height=\"988\" src=\"data:image\/svg+xml,%3Csvg%20xmlns%3D%22http%3A%2F%2Fwww.w3.org%2F2000%2Fsvg%22%20viewBox%3D%220%200%201422%20988%22%3E%3C%2Fsvg%3E\" class=\"attachment-post-thumbnail size-post-thumbnail wp-post-image lazyload\" alt style=\"object-fit:cover;\" srcset=\"data:image\/svg+xml,%3Csvg%20xmlns%3D%22http%3A%2F%2Fwww.w3.org%2F2000%2Fsvg%22%20viewBox%3D%220%200%201422%20988%22%3E%3C%2Fsvg%3E 1422w\" sizes=\"(max-width: 1422px) 100vw, 1422px\" data-srcset=\"https:\/\/digitalculturesandarts.ch\/wp-content\/uploads\/2025\/03\/duotone-25.png 1422w, https:\/\/digitalculturesandarts.ch\/wp-content\/uploads\/2025\/03\/duotone-25-300x208.png 300w, https:\/\/digitalculturesandarts.ch\/wp-content\/uploads\/2025\/03\/duotone-25-1024x711.png 1024w, https:\/\/digitalculturesandarts.ch\/wp-content\/uploads\/2025\/03\/duotone-25-768x534.png 768w, https:\/\/digitalculturesandarts.ch\/wp-content\/uploads\/2025\/03\/duotone-25-18x12.png 18w\" data-src=\"https:\/\/digitalculturesandarts.ch\/wp-content\/uploads\/2025\/03\/duotone-25.png\"><\/figure><\/div>\n<\/div>\n\n\n\n<div class=\"wp-block-column is-vertically-aligned-top is-layout-flow wp-container-core-column-is-layout-fe0e2ea3 wp-block-column-is-layout-flow\" style=\"flex-basis:80%\"><h2 style=\"font-size:clamp(0.875rem, 0.875rem + ((1vw - 0.2rem) * 0.375), 1.1rem);font-style:normal;font-weight:500;\" class=\"wp-block-post-title has-abc-diatype-unlicensed-trial-font-family\"><a href=\"https:\/\/digitalculturesandarts.ch\/de\/roland-meyer-republica-2025\/\" target=\"_self\">Roland Meyer @ re:publica 2025: \u00abGenerative KI und die \u00c4sthetik des digitalen Faschismus\u00bb<\/a><\/h2>\n\n<div style=\"text-transform:lowercase\" class=\"taxonomy-category has-link-color wp-elements-66b9fa4c45647b3cac4370190666df49 wp-block-post-terms has-text-color has-contrast-2-color has-abc-diatype-unlicensed-trial-font-family\"><a href=\"https:\/\/digitalculturesandarts.ch\/de\/category\/news\/\" rel=\"tag\">News<\/a><\/div><\/div>\n<\/div>\n\n<\/li><li class=\"wp-block-post post-1956 post type-post status-publish format-standard has-post-thumbnail hentry category-publication tag-generativeai\">\n\n<div class=\"animated fadeIn delay-200ms o-anim-offset-10px wp-block-columns is-not-stacked-on-mobile is-layout-flex wp-container-core-columns-is-layout-28f84493 wp-block-columns-is-layout-flex\">\n<div class=\"wp-block-column is-vertically-aligned-center is-layout-flow wp-block-column-is-layout-flow\" style=\"flex-basis:20%\">\n<div class=\"wp-block-group is-layout-flow wp-block-group-is-layout-flow\"><figure class=\"wp-block-post-featured-image\"><noscript><img decoding=\"async\" width=\"1280\" height=\"720\" src=\"https:\/\/digitalculturesandarts.ch\/wp-content\/uploads\/2025\/03\/duotone-9.png\" class=\"attachment-post-thumbnail size-post-thumbnail wp-post-image\" alt style=\"object-fit:cover;\" srcset=\"https:\/\/digitalculturesandarts.ch\/wp-content\/uploads\/2025\/03\/duotone-9.png 1280w, https:\/\/digitalculturesandarts.ch\/wp-content\/uploads\/2025\/03\/duotone-9-300x169.png 300w, https:\/\/digitalculturesandarts.ch\/wp-content\/uploads\/2025\/03\/duotone-9-1024x576.png 1024w, https:\/\/digitalculturesandarts.ch\/wp-content\/uploads\/2025\/03\/duotone-9-768x432.png 768w, https:\/\/digitalculturesandarts.ch\/wp-content\/uploads\/2025\/03\/duotone-9-18x10.png 18w\" sizes=\"(max-width: 1280px) 100vw, 1280px\"><\/noscript><img decoding=\"async\" width=\"1280\" height=\"720\" src=\"data:image\/svg+xml,%3Csvg%20xmlns%3D%22http%3A%2F%2Fwww.w3.org%2F2000%2Fsvg%22%20viewBox%3D%220%200%201280%20720%22%3E%3C%2Fsvg%3E\" class=\"attachment-post-thumbnail size-post-thumbnail wp-post-image lazyload\" alt style=\"object-fit:cover;\" srcset=\"data:image\/svg+xml,%3Csvg%20xmlns%3D%22http%3A%2F%2Fwww.w3.org%2F2000%2Fsvg%22%20viewBox%3D%220%200%201280%20720%22%3E%3C%2Fsvg%3E 1280w\" sizes=\"(max-width: 1280px) 100vw, 1280px\" data-srcset=\"https:\/\/digitalculturesandarts.ch\/wp-content\/uploads\/2025\/03\/duotone-9.png 1280w, https:\/\/digitalculturesandarts.ch\/wp-content\/uploads\/2025\/03\/duotone-9-300x169.png 300w, https:\/\/digitalculturesandarts.ch\/wp-content\/uploads\/2025\/03\/duotone-9-1024x576.png 1024w, https:\/\/digitalculturesandarts.ch\/wp-content\/uploads\/2025\/03\/duotone-9-768x432.png 768w, https:\/\/digitalculturesandarts.ch\/wp-content\/uploads\/2025\/03\/duotone-9-18x10.png 18w\" data-src=\"https:\/\/digitalculturesandarts.ch\/wp-content\/uploads\/2025\/03\/duotone-9.png\"><\/figure><\/div>\n<\/div>\n\n\n\n<div class=\"wp-block-column is-vertically-aligned-top is-layout-flow wp-container-core-column-is-layout-fe0e2ea3 wp-block-column-is-layout-flow\" style=\"flex-basis:80%\"><h2 style=\"font-size:clamp(0.875rem, 0.875rem + ((1vw - 0.2rem) * 0.375), 1.1rem);font-style:normal;font-weight:500;\" class=\"wp-block-post-title has-abc-diatype-unlicensed-trial-font-family\"><a href=\"https:\/\/digitalculturesandarts.ch\/de\/platform-realism-ai-image-synthesis-and-the-rise-of-generic-visual-content\/\" target=\"_self\">Roland Meyer: \u00abPlatform Realism. AI&nbsp;Image Synthesis and&nbsp;the&nbsp;Rise of&nbsp;Generic Visual&nbsp;Content\u00bb<\/a><\/h2>\n\n<div style=\"text-transform:lowercase\" class=\"taxonomy-category has-link-color wp-elements-66b9fa4c45647b3cac4370190666df49 wp-block-post-terms has-text-color has-contrast-2-color has-abc-diatype-unlicensed-trial-font-family\"><a href=\"https:\/\/digitalculturesandarts.ch\/de\/category\/publication\/\" rel=\"tag\">publikation<\/a><\/div><\/div>\n<\/div>\n\n<\/li><li class=\"wp-block-post post-1947 post type-post status-publish format-standard has-post-thumbnail hentry category-teaching tag-generativeai\">\n\n<div class=\"animated fadeIn delay-200ms o-anim-offset-10px wp-block-columns is-not-stacked-on-mobile is-layout-flex wp-container-core-columns-is-layout-28f84493 wp-block-columns-is-layout-flex\">\n<div class=\"wp-block-column is-vertically-aligned-center is-layout-flow wp-block-column-is-layout-flow\" style=\"flex-basis:20%\">\n<div class=\"wp-block-group is-layout-flow wp-block-group-is-layout-flow\"><figure class=\"wp-block-post-featured-image\"><noscript><img decoding=\"async\" width=\"1792\" height=\"1024\" src=\"https:\/\/digitalculturesandarts.ch\/wp-content\/uploads\/2025\/03\/duotone-14.png\" class=\"attachment-post-thumbnail size-post-thumbnail wp-post-image\" alt style=\"object-fit:cover;\" srcset=\"https:\/\/digitalculturesandarts.ch\/wp-content\/uploads\/2025\/03\/duotone-14.png 1792w, https:\/\/digitalculturesandarts.ch\/wp-content\/uploads\/2025\/03\/duotone-14-300x171.png 300w, https:\/\/digitalculturesandarts.ch\/wp-content\/uploads\/2025\/03\/duotone-14-1024x585.png 1024w, https:\/\/digitalculturesandarts.ch\/wp-content\/uploads\/2025\/03\/duotone-14-768x439.png 768w, https:\/\/digitalculturesandarts.ch\/wp-content\/uploads\/2025\/03\/duotone-14-1536x878.png 1536w, https:\/\/digitalculturesandarts.ch\/wp-content\/uploads\/2025\/03\/duotone-14-18x10.png 18w\" sizes=\"(max-width: 1792px) 100vw, 1792px\"><\/noscript><img decoding=\"async\" width=\"1792\" height=\"1024\" src=\"data:image\/svg+xml,%3Csvg%20xmlns%3D%22http%3A%2F%2Fwww.w3.org%2F2000%2Fsvg%22%20viewBox%3D%220%200%201792%201024%22%3E%3C%2Fsvg%3E\" class=\"attachment-post-thumbnail size-post-thumbnail wp-post-image lazyload\" alt style=\"object-fit:cover;\" srcset=\"data:image\/svg+xml,%3Csvg%20xmlns%3D%22http%3A%2F%2Fwww.w3.org%2F2000%2Fsvg%22%20viewBox%3D%220%200%201792%201024%22%3E%3C%2Fsvg%3E 1792w\" sizes=\"(max-width: 1792px) 100vw, 1792px\" data-srcset=\"https:\/\/digitalculturesandarts.ch\/wp-content\/uploads\/2025\/03\/duotone-14.png 1792w, https:\/\/digitalculturesandarts.ch\/wp-content\/uploads\/2025\/03\/duotone-14-300x171.png 300w, https:\/\/digitalculturesandarts.ch\/wp-content\/uploads\/2025\/03\/duotone-14-1024x585.png 1024w, https:\/\/digitalculturesandarts.ch\/wp-content\/uploads\/2025\/03\/duotone-14-768x439.png 768w, https:\/\/digitalculturesandarts.ch\/wp-content\/uploads\/2025\/03\/duotone-14-1536x878.png 1536w, https:\/\/digitalculturesandarts.ch\/wp-content\/uploads\/2025\/03\/duotone-14-18x10.png 18w\" data-src=\"https:\/\/digitalculturesandarts.ch\/wp-content\/uploads\/2025\/03\/duotone-14.png\"><\/figure><\/div>\n<\/div>\n\n\n\n<div class=\"wp-block-column is-vertically-aligned-top is-layout-flow wp-container-core-column-is-layout-fe0e2ea3 wp-block-column-is-layout-flow\" style=\"flex-basis:80%\"><h2 style=\"font-size:clamp(0.875rem, 0.875rem + ((1vw - 0.2rem) * 0.375), 1.1rem);font-style:normal;font-weight:500;\" class=\"wp-block-post-title has-abc-diatype-unlicensed-trial-font-family\"><a href=\"https:\/\/digitalculturesandarts.ch\/de\/seminar-fall-2024-generative-ki-und-visuelle-kultur\/\" target=\"_self\">Seminar: Generative KI und Visuelle Kultur<\/a><\/h2>\n\n<div style=\"text-transform:lowercase\" class=\"taxonomy-category has-link-color wp-elements-66b9fa4c45647b3cac4370190666df49 wp-block-post-terms has-text-color has-contrast-2-color has-abc-diatype-unlicensed-trial-font-family\"><a href=\"https:\/\/digitalculturesandarts.ch\/de\/category\/teaching\/\" rel=\"tag\">lehre<\/a><\/div><\/div>\n<\/div>\n\n<\/li><\/ul><\/div>\n<\/div>\n<\/div>\n<\/div>\n\n\n\n<div style=\"margin-top:0;margin-bottom:0;height:40px\" aria-hidden=\"true\" class=\"wp-block-spacer cc-hide-on-mobile\"><\/div>\n\n\n\n<div class=\"animated fadeIn o-anim-offset-20px wp-block-columns is-layout-flex wp-container-core-columns-is-layout-0b04d89f wp-block-columns-is-layout-flex\" style=\"border-top-style:none;border-top-width:0px;border-bottom-style:none;border-bottom-width:0px;padding-right:0;padding-left:0\">\n<div class=\"wp-block-column is-layout-flow wp-block-column-is-layout-flow\" style=\"flex-basis:33%\">\n<div class=\"wp-block-group is-vertical is-layout-flex wp-container-core-group-is-layout-24e678b6 wp-block-group-is-layout-flex\">\n<div class=\"wp-block-group has-global-padding is-content-justification-left is-layout-constrained wp-container-core-group-is-layout-cc1c0e03 wp-block-group-is-layout-constrained\" style=\"padding-right:var(--wp--preset--spacing--10);padding-left:var(--wp--preset--spacing--10)\">\n<hr class=\"is-style-wide wp-block-separator has-alpha-channel-opacity\">\n<\/div>\n\n\n\n<hr class=\"is-style-wide wp-block-separator has-text-color has-alpha-channel-opacity has-background\" style=\"margin-bottom:1.3rem;background-color:#dcdcdc;color:#dcdcdc\">\n\n\n\n<p class=\"has-custom-2-font-size coblocks-animate\" style=\"font-style:normal;font-weight:500\" data-coblocks-animation=\"fadeIn\">Navigating Virtual Collections<\/p>\n\n\n\n<figure class=\"wp-block-image size-full cc-hide-on-tablet cc-hide-on-desktop\" style=\"margin-top:1.3rem\"><noscript><img decoding=\"async\" width=\"1880\" height=\"1416\" src=\"https:\/\/digitalculturesandarts.ch\/wp-content\/uploads\/2025\/09\/Bildschirmfoto-2025-09-01-um-19.32.14.png\" alt class=\"wp-image-5545\" srcset=\"https:\/\/digitalculturesandarts.ch\/wp-content\/uploads\/2025\/09\/Bildschirmfoto-2025-09-01-um-19.32.14.png 1880w, https:\/\/digitalculturesandarts.ch\/wp-content\/uploads\/2025\/09\/Bildschirmfoto-2025-09-01-um-19.32.14-300x226.png 300w, https:\/\/digitalculturesandarts.ch\/wp-content\/uploads\/2025\/09\/Bildschirmfoto-2025-09-01-um-19.32.14-1024x771.png 1024w, https:\/\/digitalculturesandarts.ch\/wp-content\/uploads\/2025\/09\/Bildschirmfoto-2025-09-01-um-19.32.14-768x578.png 768w, https:\/\/digitalculturesandarts.ch\/wp-content\/uploads\/2025\/09\/Bildschirmfoto-2025-09-01-um-19.32.14-1536x1157.png 1536w, https:\/\/digitalculturesandarts.ch\/wp-content\/uploads\/2025\/09\/Bildschirmfoto-2025-09-01-um-19.32.14-16x12.png 16w\" sizes=\"(max-width: 1880px) 100vw, 1880px\"><\/noscript><img decoding=\"async\" width=\"1880\" height=\"1416\" src=\"data:image\/svg+xml,%3Csvg%20xmlns%3D%22http%3A%2F%2Fwww.w3.org%2F2000%2Fsvg%22%20viewBox%3D%220%200%201880%201416%22%3E%3C%2Fsvg%3E\" alt class=\"wp-image-5545 lazyload\" srcset=\"data:image\/svg+xml,%3Csvg%20xmlns%3D%22http%3A%2F%2Fwww.w3.org%2F2000%2Fsvg%22%20viewBox%3D%220%200%201880%201416%22%3E%3C%2Fsvg%3E 1880w\" sizes=\"(max-width: 1880px) 100vw, 1880px\" data-srcset=\"https:\/\/digitalculturesandarts.ch\/wp-content\/uploads\/2025\/09\/Bildschirmfoto-2025-09-01-um-19.32.14.png 1880w, https:\/\/digitalculturesandarts.ch\/wp-content\/uploads\/2025\/09\/Bildschirmfoto-2025-09-01-um-19.32.14-300x226.png 300w, https:\/\/digitalculturesandarts.ch\/wp-content\/uploads\/2025\/09\/Bildschirmfoto-2025-09-01-um-19.32.14-1024x771.png 1024w, https:\/\/digitalculturesandarts.ch\/wp-content\/uploads\/2025\/09\/Bildschirmfoto-2025-09-01-um-19.32.14-768x578.png 768w, https:\/\/digitalculturesandarts.ch\/wp-content\/uploads\/2025\/09\/Bildschirmfoto-2025-09-01-um-19.32.14-1536x1157.png 1536w, https:\/\/digitalculturesandarts.ch\/wp-content\/uploads\/2025\/09\/Bildschirmfoto-2025-09-01-um-19.32.14-16x12.png 16w\" data-src=\"https:\/\/digitalculturesandarts.ch\/wp-content\/uploads\/2025\/09\/Bildschirmfoto-2025-09-01-um-19.32.14.png\"><\/figure>\n<\/div>\n<\/div>\n\n\n\n<div class=\"wp-block-column is-layout-flow wp-block-column-is-layout-flow\" style=\"flex-basis:33%\">\n<p class=\"has-custom-1-font-size\" style=\"line-height:1.3\">Virtuelle Sammlungen sind mehr als nur digitale Doubles physischer Sammlungen. Ging es bei der gro\u00dfma\u00dfst\u00e4blichen Digitalisierung von Kulturg\u00fctern zun\u00e4chst darum, historische Sammlungsbest\u00e4nde \u00fcberhaupt f\u00fcr \u00d6ffentlichkeit und Forschung zug\u00e4nglich zu machen, gewinnen massenhaft aggregierte Sammlungsdaten mittlerweile neue operative und generative Funktionen, die auch das Selbstverst\u00e4ndnis von Museen, Archiven und anderen Ged\u00e4chtnisinstitutionen transformieren.<\/p>\n\n\n\n<p class=\"has-custom-1-font-size\" style=\"line-height:1.3\">In den Interfaces virtueller Museumssammlungen verwandeln sich Bilder, Werke und Artefakte unterschiedlichster Zeiten und R\u00e4ume in scheinbar schwerelose Datenwolken, die sich zu navigierbaren Landschaften arrangieren lassen und als extrahierbare Ressource visueller Muster in die Produktion (vermeintlich) neuer Inhalte einfliessen.&nbsp;<\/p>\n\n\n\n<p class=\"has-custom-1-font-size\" style=\"line-height:1.3\">Das Projekt fragt nach den \u00e4sthetischen wie epistemischen Implikationen der neuartigen Operationen des Vergleichs, der Verkn\u00fcpfung und der Synthese archivischer Datenbest\u00e4nde, nach den Transformationen von Geschichtsbildern durch Mustererkennung und maschinelles Lernen sowie nach m\u00f6glichen k\u00fcnftigen Formen und Formaten der visuellen Erschliessung virtueller Sammlungen jenseits des Datenextraktivismus.<\/p>\n<\/div>\n\n\n\n<div class=\"wp-block-column is-layout-flow wp-block-column-is-layout-flow\" style=\"flex-basis:33%\">\n<figure class=\"wp-block-image size-full cc-hide-on-mobile\" style=\"margin-top:7px\"><noscript><img decoding=\"async\" width=\"1880\" height=\"1416\" src=\"https:\/\/digitalculturesandarts.ch\/wp-content\/uploads\/2025\/09\/Bildschirmfoto-2025-09-01-um-19.32.14.png\" alt class=\"wp-image-5545\" srcset=\"https:\/\/digitalculturesandarts.ch\/wp-content\/uploads\/2025\/09\/Bildschirmfoto-2025-09-01-um-19.32.14.png 1880w, https:\/\/digitalculturesandarts.ch\/wp-content\/uploads\/2025\/09\/Bildschirmfoto-2025-09-01-um-19.32.14-300x226.png 300w, https:\/\/digitalculturesandarts.ch\/wp-content\/uploads\/2025\/09\/Bildschirmfoto-2025-09-01-um-19.32.14-1024x771.png 1024w, https:\/\/digitalculturesandarts.ch\/wp-content\/uploads\/2025\/09\/Bildschirmfoto-2025-09-01-um-19.32.14-768x578.png 768w, https:\/\/digitalculturesandarts.ch\/wp-content\/uploads\/2025\/09\/Bildschirmfoto-2025-09-01-um-19.32.14-1536x1157.png 1536w, https:\/\/digitalculturesandarts.ch\/wp-content\/uploads\/2025\/09\/Bildschirmfoto-2025-09-01-um-19.32.14-16x12.png 16w\" sizes=\"(max-width: 1880px) 100vw, 1880px\"><\/noscript><img decoding=\"async\" width=\"1880\" height=\"1416\" src=\"data:image\/svg+xml,%3Csvg%20xmlns%3D%22http%3A%2F%2Fwww.w3.org%2F2000%2Fsvg%22%20viewBox%3D%220%200%201880%201416%22%3E%3C%2Fsvg%3E\" alt class=\"wp-image-5545 lazyload\" srcset=\"data:image\/svg+xml,%3Csvg%20xmlns%3D%22http%3A%2F%2Fwww.w3.org%2F2000%2Fsvg%22%20viewBox%3D%220%200%201880%201416%22%3E%3C%2Fsvg%3E 1880w\" sizes=\"(max-width: 1880px) 100vw, 1880px\" data-srcset=\"https:\/\/digitalculturesandarts.ch\/wp-content\/uploads\/2025\/09\/Bildschirmfoto-2025-09-01-um-19.32.14.png 1880w, https:\/\/digitalculturesandarts.ch\/wp-content\/uploads\/2025\/09\/Bildschirmfoto-2025-09-01-um-19.32.14-300x226.png 300w, https:\/\/digitalculturesandarts.ch\/wp-content\/uploads\/2025\/09\/Bildschirmfoto-2025-09-01-um-19.32.14-1024x771.png 1024w, https:\/\/digitalculturesandarts.ch\/wp-content\/uploads\/2025\/09\/Bildschirmfoto-2025-09-01-um-19.32.14-768x578.png 768w, https:\/\/digitalculturesandarts.ch\/wp-content\/uploads\/2025\/09\/Bildschirmfoto-2025-09-01-um-19.32.14-1536x1157.png 1536w, https:\/\/digitalculturesandarts.ch\/wp-content\/uploads\/2025\/09\/Bildschirmfoto-2025-09-01-um-19.32.14-16x12.png 16w\" data-src=\"https:\/\/digitalculturesandarts.ch\/wp-content\/uploads\/2025\/09\/Bildschirmfoto-2025-09-01-um-19.32.14.png\"><\/figure>\n\n\n\n<hr class=\"is-style-wide wp-block-separator has-text-color has-alpha-channel-opacity has-background\" style=\"margin-top:var(--wp--preset--spacing--20);margin-bottom:var(--wp--preset--spacing--10);background-color:#dcdcdc;color:#dcdcdc\">\n\n\n\n<p class=\"has-custom-1-font-size\" style=\"margin-top:10px;margin-bottom:10px;padding-top:0;padding-bottom:0\"><strong>Aktivit\u00e4ten<\/strong><\/p>\n\n\n\n<div class=\"wp-block-query is-layout-flow wp-block-query-is-layout-flow\"><ul class=\"wp-block-post-template is-layout-flow wp-container-core-post-template-is-layout-ea1fff98 wp-block-post-template-is-layout-flow\"><li class=\"wp-block-post post-5495 post type-post status-publish format-standard has-post-thumbnail hentry category-event tag-virtual-collections\">\n\n<div class=\"animated fadeIn delay-200ms o-anim-offset-20px wp-block-columns is-not-stacked-on-mobile is-layout-flex wp-container-core-columns-is-layout-28f84493 wp-block-columns-is-layout-flex\">\n<div class=\"wp-block-column is-vertically-aligned-center is-layout-flow wp-block-column-is-layout-flow\" style=\"flex-basis:20%\">\n<div class=\"wp-block-group is-layout-flow wp-block-group-is-layout-flow\"><figure class=\"wp-block-post-featured-image\"><noscript><img decoding=\"async\" width=\"1811\" height=\"2560\" src=\"https:\/\/digitalculturesandarts.ch\/wp-content\/uploads\/2025\/09\/duotone-29-scaled.png\" class=\"attachment-post-thumbnail size-post-thumbnail wp-post-image\" alt style=\"object-fit:cover;\" srcset=\"https:\/\/digitalculturesandarts.ch\/wp-content\/uploads\/2025\/09\/duotone-29-scaled.png 1811w, https:\/\/digitalculturesandarts.ch\/wp-content\/uploads\/2025\/09\/duotone-29-212x300.png 212w, https:\/\/digitalculturesandarts.ch\/wp-content\/uploads\/2025\/09\/duotone-29-724x1024.png 724w, https:\/\/digitalculturesandarts.ch\/wp-content\/uploads\/2025\/09\/duotone-29-768x1086.png 768w, https:\/\/digitalculturesandarts.ch\/wp-content\/uploads\/2025\/09\/duotone-29-1086x1536.png 1086w, https:\/\/digitalculturesandarts.ch\/wp-content\/uploads\/2025\/09\/duotone-29-1448x2048.png 1448w, https:\/\/digitalculturesandarts.ch\/wp-content\/uploads\/2025\/09\/duotone-29-8x12.png 8w\" sizes=\"(max-width: 1811px) 100vw, 1811px\"><\/noscript><img decoding=\"async\" width=\"1811\" height=\"2560\" src=\"data:image\/svg+xml,%3Csvg%20xmlns%3D%22http%3A%2F%2Fwww.w3.org%2F2000%2Fsvg%22%20viewBox%3D%220%200%201811%202560%22%3E%3C%2Fsvg%3E\" class=\"attachment-post-thumbnail size-post-thumbnail wp-post-image lazyload\" alt style=\"object-fit:cover;\" srcset=\"data:image\/svg+xml,%3Csvg%20xmlns%3D%22http%3A%2F%2Fwww.w3.org%2F2000%2Fsvg%22%20viewBox%3D%220%200%201811%202560%22%3E%3C%2Fsvg%3E 1811w\" sizes=\"(max-width: 1811px) 100vw, 1811px\" data-srcset=\"https:\/\/digitalculturesandarts.ch\/wp-content\/uploads\/2025\/09\/duotone-29-scaled.png 1811w, https:\/\/digitalculturesandarts.ch\/wp-content\/uploads\/2025\/09\/duotone-29-212x300.png 212w, https:\/\/digitalculturesandarts.ch\/wp-content\/uploads\/2025\/09\/duotone-29-724x1024.png 724w, https:\/\/digitalculturesandarts.ch\/wp-content\/uploads\/2025\/09\/duotone-29-768x1086.png 768w, https:\/\/digitalculturesandarts.ch\/wp-content\/uploads\/2025\/09\/duotone-29-1086x1536.png 1086w, https:\/\/digitalculturesandarts.ch\/wp-content\/uploads\/2025\/09\/duotone-29-1448x2048.png 1448w, https:\/\/digitalculturesandarts.ch\/wp-content\/uploads\/2025\/09\/duotone-29-8x12.png 8w\" data-src=\"https:\/\/digitalculturesandarts.ch\/wp-content\/uploads\/2025\/09\/duotone-29-scaled.png\"><\/figure><\/div>\n<\/div>\n\n\n\n<div class=\"wp-block-column is-vertically-aligned-top is-layout-flow wp-container-core-column-is-layout-fe0e2ea3 wp-block-column-is-layout-flow\" style=\"flex-basis:80%\"><h2 style=\"font-size:clamp(0.875rem, 0.875rem + ((1vw - 0.2rem) * 0.375), 1.1rem);font-style:normal;font-weight:500;\" class=\"wp-block-post-title has-abc-diatype-unlicensed-trial-font-family\"><a href=\"https:\/\/digitalculturesandarts.ch\/de\/scanning-capturing-exploring-and-designing-virtual-collections-workshop\/\" target=\"_self\">Workshop: \u00abScanning \/ Capturing. Exploring and Designing Virtual Collections\u00bb<\/a><\/h2>\n\n<div style=\"text-transform:lowercase\" class=\"taxonomy-category has-link-color wp-elements-66b9fa4c45647b3cac4370190666df49 wp-block-post-terms has-text-color has-contrast-2-color has-abc-diatype-unlicensed-trial-font-family\"><a href=\"https:\/\/digitalculturesandarts.ch\/de\/category\/event\/\" rel=\"tag\">veranstaltung<\/a><\/div><\/div>\n<\/div>\n\n<\/li><li class=\"wp-block-post post-5514 post type-post status-publish format-standard has-post-thumbnail hentry category-publication tag-virtual-collections\">\n\n<div class=\"animated fadeIn delay-200ms o-anim-offset-20px wp-block-columns is-not-stacked-on-mobile is-layout-flex wp-container-core-columns-is-layout-28f84493 wp-block-columns-is-layout-flex\">\n<div class=\"wp-block-column is-vertically-aligned-center is-layout-flow wp-block-column-is-layout-flow\" style=\"flex-basis:20%\">\n<div class=\"wp-block-group is-layout-flow wp-block-group-is-layout-flow\"><figure class=\"wp-block-post-featured-image\"><noscript><img decoding=\"async\" width=\"850\" height=\"553\" src=\"https:\/\/digitalculturesandarts.ch\/wp-content\/uploads\/2025\/03\/duotone-8.png\" class=\"attachment-post-thumbnail size-post-thumbnail wp-post-image\" alt style=\"object-fit:cover;\" srcset=\"https:\/\/digitalculturesandarts.ch\/wp-content\/uploads\/2025\/03\/duotone-8.png 850w, https:\/\/digitalculturesandarts.ch\/wp-content\/uploads\/2025\/03\/duotone-8-300x195.png 300w, https:\/\/digitalculturesandarts.ch\/wp-content\/uploads\/2025\/03\/duotone-8-768x500.png 768w, https:\/\/digitalculturesandarts.ch\/wp-content\/uploads\/2025\/03\/duotone-8-18x12.png 18w\" sizes=\"(max-width: 850px) 100vw, 850px\"><\/noscript><img decoding=\"async\" width=\"850\" height=\"553\" src=\"data:image\/svg+xml,%3Csvg%20xmlns%3D%22http%3A%2F%2Fwww.w3.org%2F2000%2Fsvg%22%20viewBox%3D%220%200%20850%20553%22%3E%3C%2Fsvg%3E\" class=\"attachment-post-thumbnail size-post-thumbnail wp-post-image lazyload\" alt style=\"object-fit:cover;\" srcset=\"data:image\/svg+xml,%3Csvg%20xmlns%3D%22http%3A%2F%2Fwww.w3.org%2F2000%2Fsvg%22%20viewBox%3D%220%200%20850%20553%22%3E%3C%2Fsvg%3E 850w\" sizes=\"(max-width: 850px) 100vw, 850px\" data-srcset=\"https:\/\/digitalculturesandarts.ch\/wp-content\/uploads\/2025\/03\/duotone-8.png 850w, https:\/\/digitalculturesandarts.ch\/wp-content\/uploads\/2025\/03\/duotone-8-300x195.png 300w, https:\/\/digitalculturesandarts.ch\/wp-content\/uploads\/2025\/03\/duotone-8-768x500.png 768w, https:\/\/digitalculturesandarts.ch\/wp-content\/uploads\/2025\/03\/duotone-8-18x12.png 18w\" data-src=\"https:\/\/digitalculturesandarts.ch\/wp-content\/uploads\/2025\/03\/duotone-8.png\"><\/figure><\/div>\n<\/div>\n\n\n\n<div class=\"wp-block-column is-vertically-aligned-top is-layout-flow wp-container-core-column-is-layout-fe0e2ea3 wp-block-column-is-layout-flow\" style=\"flex-basis:80%\"><h2 style=\"font-size:clamp(0.875rem, 0.875rem + ((1vw - 0.2rem) * 0.375), 1.1rem);font-style:normal;font-weight:500;\" class=\"wp-block-post-title has-abc-diatype-unlicensed-trial-font-family\"><a href=\"https:\/\/digitalculturesandarts.ch\/de\/roland-meyer-operative-image-spaces-navigating-virtual-museum-collections\/\" target=\"_self\">Roland Meyer: \u00abOperative Image Spaces. Navigating Virtual Museum Collections\u00bb<\/a><\/h2>\n\n<div style=\"text-transform:lowercase\" class=\"taxonomy-category has-link-color wp-elements-66b9fa4c45647b3cac4370190666df49 wp-block-post-terms has-text-color has-contrast-2-color has-abc-diatype-unlicensed-trial-font-family\"><a href=\"https:\/\/digitalculturesandarts.ch\/de\/category\/publication\/\" rel=\"tag\">publikation<\/a><\/div><\/div>\n<\/div>\n\n<\/li><\/ul><\/div>\n<\/div>\n<\/div>\n\n\n\n<div style=\"margin-top:0;margin-bottom:0;height:40px\" aria-hidden=\"true\" class=\"wp-block-spacer\"><\/div>\n\n\n\n<div class=\"animated fadeIn o-anim-offset-20px wp-block-columns is-layout-flex wp-container-core-columns-is-layout-1146dd41 wp-block-columns-is-layout-flex\" style=\"padding-right:0;padding-left:0\">\n<div class=\"wp-block-column is-layout-flow wp-block-column-is-layout-flow\" style=\"flex-basis:33%\">\n<div class=\"wp-block-group is-vertical is-layout-flex wp-container-core-group-is-layout-24e678b6 wp-block-group-is-layout-flex\">\n<div class=\"wp-block-group has-global-padding is-content-justification-left is-layout-constrained wp-container-core-group-is-layout-cc1c0e03 wp-block-group-is-layout-constrained\" style=\"padding-right:var(--wp--preset--spacing--10);padding-left:var(--wp--preset--spacing--10)\">\n<hr class=\"is-style-wide wp-block-separator has-alpha-channel-opacity\">\n<\/div>\n\n\n\n<hr class=\"is-style-wide wp-block-separator has-text-color has-alpha-channel-opacity has-background\" style=\"margin-bottom:1.5rem;background-color:#dcdcdc;color:#dcdcdc\">\n\n\n\n<p class=\"has-custom-2-font-size coblocks-animate\" style=\"font-style:normal;font-weight:500\" data-coblocks-animation=\"fadeIn\">Synthetische Realit\u00e4ten. Generative KI und digitale Bildkompetenz<\/p>\n\n\n\n<figure class=\"wp-block-image size-full cc-hide-on-tablet cc-hide-on-desktop\" style=\"margin-top:1.3rem\"><noscript><img decoding=\"async\" width=\"1179\" height=\"859\" src=\"https:\/\/digitalculturesandarts.ch\/wp-content\/uploads\/2025\/03\/E4909507-8E51-428D-B0D8-5B68916BC0F7.jpg\" alt class=\"wp-image-3916\" srcset=\"https:\/\/digitalculturesandarts.ch\/wp-content\/uploads\/2025\/03\/E4909507-8E51-428D-B0D8-5B68916BC0F7.jpg 1179w, https:\/\/digitalculturesandarts.ch\/wp-content\/uploads\/2025\/03\/E4909507-8E51-428D-B0D8-5B68916BC0F7-300x219.jpg 300w, https:\/\/digitalculturesandarts.ch\/wp-content\/uploads\/2025\/03\/E4909507-8E51-428D-B0D8-5B68916BC0F7-1024x746.jpg 1024w, https:\/\/digitalculturesandarts.ch\/wp-content\/uploads\/2025\/03\/E4909507-8E51-428D-B0D8-5B68916BC0F7-768x560.jpg 768w\" sizes=\"(max-width: 1179px) 100vw, 1179px\"><\/noscript><img decoding=\"async\" width=\"1179\" height=\"859\" src=\"data:image\/svg+xml,%3Csvg%20xmlns%3D%22http%3A%2F%2Fwww.w3.org%2F2000%2Fsvg%22%20viewBox%3D%220%200%201179%20859%22%3E%3C%2Fsvg%3E\" alt class=\"wp-image-3916 lazyload\" srcset=\"data:image\/svg+xml,%3Csvg%20xmlns%3D%22http%3A%2F%2Fwww.w3.org%2F2000%2Fsvg%22%20viewBox%3D%220%200%201179%20859%22%3E%3C%2Fsvg%3E 1179w\" sizes=\"(max-width: 1179px) 100vw, 1179px\" data-srcset=\"https:\/\/digitalculturesandarts.ch\/wp-content\/uploads\/2025\/03\/E4909507-8E51-428D-B0D8-5B68916BC0F7.jpg 1179w, https:\/\/digitalculturesandarts.ch\/wp-content\/uploads\/2025\/03\/E4909507-8E51-428D-B0D8-5B68916BC0F7-300x219.jpg 300w, https:\/\/digitalculturesandarts.ch\/wp-content\/uploads\/2025\/03\/E4909507-8E51-428D-B0D8-5B68916BC0F7-1024x746.jpg 1024w, https:\/\/digitalculturesandarts.ch\/wp-content\/uploads\/2025\/03\/E4909507-8E51-428D-B0D8-5B68916BC0F7-768x560.jpg 768w\" data-src=\"https:\/\/digitalculturesandarts.ch\/wp-content\/uploads\/2025\/03\/E4909507-8E51-428D-B0D8-5B68916BC0F7.jpg\"><\/figure>\n<\/div>\n<\/div>\n\n\n\n<div class=\"wp-block-column is-layout-flow wp-block-column-is-layout-flow\" style=\"flex-basis:33%\">\n<p class=\"has-custom-1-font-size\" style=\"line-height:1.3\">Mit der massenhaften Verbreitung KI-generierter visueller Inhalte auf Social-Media-Plattformen scheinen die Grenzen zwischen Aufzeichnung und Simulation zunehmend zu verschwimmen, und das bisherige Verst\u00e4ndnis von Realismus und visueller Evidenz wird neu ausgehandelt. Um sich in den damit entstehenden synthetischen Realit\u00e4ten zurecht zu finden, sind neue Formen der digitalen Bildkompetenz oder \u00abdigital visual literacy\u00bb gefragt.<\/p>\n\n\n\n<p class=\"has-custom-1-font-size\" style=\"line-height:1.3\">Das Projekt, das von Roland Meyer und Kathrin Trattner im Rahmen des UFSP Digital Religion(s) verfolgt wird, befasst sich mit KI-generierten Bildern und Videos, die explizit oder implizit religi\u00f6se Themen, Ikonographien und Darstellungsformen aufgreifen. Wir analysieren einerseits ihre \u00e4sthetischen Strukturen, Formate, Genres und ideologischen Implikationen und andererseits ihre Rezeption inmitten sich wandelnder Auffassungen visueller Wahrheit.<\/p>\n\n\n\n<p class=\"has-custom-1-font-size\" style=\"line-height:1.3\">Aufgrund ihrer infrastrukturellen Bedingungen neigt KI-Bildgenerierung dazu, visuelle Stereotype zu reproduzieren und zu verst\u00e4rken. Wie Religion als Markierung von Identit\u00e4t und Andersheit in KI-generiertem visuellen Material auftaucht und wie junge Erwachsene diese Darstellungen interpretieren und aushandeln ist daher von besonderem Interesse. Dabei geht das Projekt \u00fcber ein bin\u00e4res Verst\u00e4ndnis von \u00abreal\u00bb oder \u00abfake\u00bb hinaus, indem es danach fragt, wie KI-generierte visuelle Inhalte affektive Reaktionen hervorrufen und dadurch Wahrheitsvorstellungen und Realit\u00e4tswahrnehmungen transformieren und beeinflussen.<\/p>\n\n\n\n<p class=\"has-custom-1-font-size\" style=\"line-height:1.3\">Methodisch kombiniert das Projekt medien- und akteurszentrierte Zug\u00e4nge, wobei sowohl Methoden der Digital Ethnography und der Visual Culture Studies als auch qualitativ-sozialempirische Methoden zum Einsatz kommen. Als Forschungsmaterial dienen KI-generierte visuelle Inhalte auf ausgew\u00e4hlten Social-Media-Plattformen sowie die Online-Kommentare, Diskussionen und weiteren sozialmedialen Praktiken und Rahmungen, in die sie eingebettet sind.<\/p>\n\n\n\n<p class><a href=\"https:\/\/www.digitalreligions.uzh.ch\/de.html\">URPP Digital Religion(s)<\/a> \u2192<\/p>\n<\/div>\n\n\n\n<div class=\"wp-block-column is-layout-flow wp-block-column-is-layout-flow\" style=\"flex-basis:33%\">\n<figure class=\"wp-block-image size-full cc-hide-on-mobile\" style=\"margin-top:7px\"><noscript><img decoding=\"async\" width=\"1179\" height=\"859\" src=\"https:\/\/digitalculturesandarts.ch\/wp-content\/uploads\/2025\/03\/E4909507-8E51-428D-B0D8-5B68916BC0F7.jpg\" alt class=\"wp-image-3916\" srcset=\"https:\/\/digitalculturesandarts.ch\/wp-content\/uploads\/2025\/03\/E4909507-8E51-428D-B0D8-5B68916BC0F7.jpg 1179w, https:\/\/digitalculturesandarts.ch\/wp-content\/uploads\/2025\/03\/E4909507-8E51-428D-B0D8-5B68916BC0F7-300x219.jpg 300w, https:\/\/digitalculturesandarts.ch\/wp-content\/uploads\/2025\/03\/E4909507-8E51-428D-B0D8-5B68916BC0F7-1024x746.jpg 1024w, https:\/\/digitalculturesandarts.ch\/wp-content\/uploads\/2025\/03\/E4909507-8E51-428D-B0D8-5B68916BC0F7-768x560.jpg 768w\" sizes=\"(max-width: 1179px) 100vw, 1179px\"><\/noscript><img decoding=\"async\" width=\"1179\" height=\"859\" src=\"data:image\/svg+xml,%3Csvg%20xmlns%3D%22http%3A%2F%2Fwww.w3.org%2F2000%2Fsvg%22%20viewBox%3D%220%200%201179%20859%22%3E%3C%2Fsvg%3E\" alt class=\"wp-image-3916 lazyload\" srcset=\"data:image\/svg+xml,%3Csvg%20xmlns%3D%22http%3A%2F%2Fwww.w3.org%2F2000%2Fsvg%22%20viewBox%3D%220%200%201179%20859%22%3E%3C%2Fsvg%3E 1179w\" sizes=\"(max-width: 1179px) 100vw, 1179px\" data-srcset=\"https:\/\/digitalculturesandarts.ch\/wp-content\/uploads\/2025\/03\/E4909507-8E51-428D-B0D8-5B68916BC0F7.jpg 1179w, https:\/\/digitalculturesandarts.ch\/wp-content\/uploads\/2025\/03\/E4909507-8E51-428D-B0D8-5B68916BC0F7-300x219.jpg 300w, https:\/\/digitalculturesandarts.ch\/wp-content\/uploads\/2025\/03\/E4909507-8E51-428D-B0D8-5B68916BC0F7-1024x746.jpg 1024w, https:\/\/digitalculturesandarts.ch\/wp-content\/uploads\/2025\/03\/E4909507-8E51-428D-B0D8-5B68916BC0F7-768x560.jpg 768w\" data-src=\"https:\/\/digitalculturesandarts.ch\/wp-content\/uploads\/2025\/03\/E4909507-8E51-428D-B0D8-5B68916BC0F7.jpg\"><\/figure>\n<\/div>\n<\/div>\n\n\n\n<p class><\/p>","protected":false},"excerpt":{"rendered":"<p>Dreamworlds of Platform Capitalism.&nbsp;Networked Image Cultures after Generative AI&nbsp; While the initial hype surrounding AI image and video synthesis models such as Dall-E, Midjourney, Stable Diffusion or Sora is fading, their massive impact on networked image cultures is becoming ever clearer: Social media platforms are flooded with increasingly absurd synthetic clickbait, so-called \u00abAI Slop\u00bb, right-wing [&hellip;]<\/p>\n","protected":false},"author":1,"featured_media":0,"parent":0,"menu_order":0,"comment_status":"closed","ping_status":"closed","template":"","meta":{"nf_dc_page":"","_coblocks_attr":"","_coblocks_dimensions":"","_coblocks_responsive_height":"","_coblocks_accordion_ie_support":"","_FSMCFIC_featured_image_caption":"","_FSMCFIC_featured_image_nocaption":"","_FSMCFIC_featured_image_hide":"","footnotes":""},"class_list":["post-2811","page","type-page","status-publish","hentry"],"mb":[],"yoast_head":"<!-- This site is optimized with the Yoast SEO plugin v27.4 - https:\/\/yoast.com\/product\/yoast-seo-wordpress\/ -->\n<title>research - digital cultures and arts<\/title>\n<meta name=\"robots\" content=\"index, follow, max-snippet:-1, max-image-preview:large, max-video-preview:-1\" \/>\n<link rel=\"canonical\" href=\"https:\/\/digitalculturesandarts.ch\/de\/research\/\" \/>\n<meta property=\"og:locale\" content=\"de_DE\" \/>\n<meta property=\"og:type\" content=\"article\" \/>\n<meta property=\"og:title\" content=\"Research Areas\" \/>\n<meta property=\"og:description\" content=\"Research at the DIZH Bridge Professorship between University of Zurich and Zurich University of the Arts.\" \/>\n<meta property=\"og:url\" content=\"https:\/\/digitalculturesandarts.ch\/de\/research\/\" \/>\n<meta property=\"og:site_name\" content=\"digital cultures and arts\" \/>\n<meta property=\"article:modified_time\" content=\"2025-12-05T22:09:38+00:00\" \/>\n<meta property=\"og:image\" content=\"https:\/\/digitalculturesandarts.ch\/wp-content\/uploads\/2025\/04\/research-blob.png\" \/>\n\t<meta property=\"og:image:width\" content=\"1200\" \/>\n\t<meta property=\"og:image:height\" content=\"675\" \/>\n\t<meta property=\"og:image:type\" content=\"image\/png\" \/>\n<meta name=\"twitter:card\" content=\"summary_large_image\" \/>\n<script type=\"application\/ld+json\" class=\"yoast-schema-graph\">{\"@context\":\"https:\\\/\\\/schema.org\",\"@graph\":[{\"@type\":\"WebPage\",\"@id\":\"https:\\\/\\\/digitalculturesandarts.ch\\\/research\\\/\",\"url\":\"https:\\\/\\\/digitalculturesandarts.ch\\\/research\\\/\",\"name\":\"research - digital cultures and arts\",\"isPartOf\":{\"@id\":\"https:\\\/\\\/digitalculturesandarts.ch\\\/#website\"},\"primaryImageOfPage\":{\"@id\":\"https:\\\/\\\/digitalculturesandarts.ch\\\/research\\\/#primaryimage\"},\"image\":{\"@id\":\"https:\\\/\\\/digitalculturesandarts.ch\\\/research\\\/#primaryimage\"},\"thumbnailUrl\":\"https:\\\/\\\/digitalculturesandarts.ch\\\/wp-content\\\/uploads\\\/2025\\\/09\\\/meyer-Dall-E-via-Sam-Altman-on-Twitter-2.jpeg\",\"datePublished\":\"2025-03-24T09:14:23+00:00\",\"dateModified\":\"2025-12-05T22:09:38+00:00\",\"breadcrumb\":{\"@id\":\"https:\\\/\\\/digitalculturesandarts.ch\\\/research\\\/#breadcrumb\"},\"inLanguage\":\"de-CH\",\"potentialAction\":[{\"@type\":\"ReadAction\",\"target\":[\"https:\\\/\\\/digitalculturesandarts.ch\\\/research\\\/\"]}]},{\"@type\":\"ImageObject\",\"inLanguage\":\"de-CH\",\"@id\":\"https:\\\/\\\/digitalculturesandarts.ch\\\/research\\\/#primaryimage\",\"url\":\"https:\\\/\\\/digitalculturesandarts.ch\\\/wp-content\\\/uploads\\\/2025\\\/09\\\/meyer-Dall-E-via-Sam-Altman-on-Twitter-2.jpeg\",\"contentUrl\":\"https:\\\/\\\/digitalculturesandarts.ch\\\/wp-content\\\/uploads\\\/2025\\\/09\\\/meyer-Dall-E-via-Sam-Altman-on-Twitter-2.jpeg\"},{\"@type\":\"BreadcrumbList\",\"@id\":\"https:\\\/\\\/digitalculturesandarts.ch\\\/research\\\/#breadcrumb\",\"itemListElement\":[{\"@type\":\"ListItem\",\"position\":1,\"name\":\"Home\",\"item\":\"https:\\\/\\\/digitalculturesandarts.ch\\\/\"},{\"@type\":\"ListItem\",\"position\":2,\"name\":\"research\"}]},{\"@type\":\"WebSite\",\"@id\":\"https:\\\/\\\/digitalculturesandarts.ch\\\/#website\",\"url\":\"https:\\\/\\\/digitalculturesandarts.ch\\\/\",\"name\":\"digital cultures and arts\",\"description\":\"Bridge Professorship between the University of Zurich and Zurich University of the Arts\",\"publisher\":{\"@id\":\"https:\\\/\\\/digitalculturesandarts.ch\\\/#organization\"},\"alternateName\":\"digitale kulturen und k\u00fcnste\",\"potentialAction\":[{\"@type\":\"SearchAction\",\"target\":{\"@type\":\"EntryPoint\",\"urlTemplate\":\"https:\\\/\\\/digitalculturesandarts.ch\\\/?s={search_term_string}\"},\"query-input\":{\"@type\":\"PropertyValueSpecification\",\"valueRequired\":true,\"valueName\":\"search_term_string\"}}],\"inLanguage\":\"de-CH\"},{\"@type\":\"Organization\",\"@id\":\"https:\\\/\\\/digitalculturesandarts.ch\\\/#organization\",\"name\":\"digital cultures and arts\",\"alternateName\":\"digitale kulturen und k\u00fcnste\",\"url\":\"https:\\\/\\\/digitalculturesandarts.ch\\\/\",\"logo\":{\"@type\":\"ImageObject\",\"inLanguage\":\"de-CH\",\"@id\":\"https:\\\/\\\/digitalculturesandarts.ch\\\/#\\\/schema\\\/logo\\\/image\\\/\",\"url\":\"https:\\\/\\\/digitalculturesandarts.ch\\\/wp-content\\\/uploads\\\/2025\\\/04\\\/cropped-col.png\",\"contentUrl\":\"https:\\\/\\\/digitalculturesandarts.ch\\\/wp-content\\\/uploads\\\/2025\\\/04\\\/cropped-col.png\",\"width\":512,\"height\":512,\"caption\":\"digital cultures and arts\"},\"image\":{\"@id\":\"https:\\\/\\\/digitalculturesandarts.ch\\\/#\\\/schema\\\/logo\\\/image\\\/\"},\"sameAs\":[\"https:\\\/\\\/www.instagram.com\\\/digitalculturesandarts\\\/\"]}]}<\/script>\n<!-- \/ Yoast SEO plugin. -->","yoast_head_json":{"title":"research - digital cultures and arts","robots":{"index":"index","follow":"follow","max-snippet":"max-snippet:-1","max-image-preview":"max-image-preview:large","max-video-preview":"max-video-preview:-1"},"canonical":"https:\/\/digitalculturesandarts.ch\/de\/research\/","og_locale":"de_DE","og_type":"article","og_title":"Research Areas","og_description":"Research at the DIZH Bridge Professorship between University of Zurich and Zurich University of the Arts.","og_url":"https:\/\/digitalculturesandarts.ch\/de\/research\/","og_site_name":"digital cultures and arts","article_modified_time":"2025-12-05T22:09:38+00:00","og_image":[{"width":1200,"height":675,"url":"https:\/\/digitalculturesandarts.ch\/wp-content\/uploads\/2025\/04\/research-blob.png","type":"image\/png"}],"twitter_card":"summary_large_image","schema":{"@context":"https:\/\/schema.org","@graph":[{"@type":"WebPage","@id":"https:\/\/digitalculturesandarts.ch\/research\/","url":"https:\/\/digitalculturesandarts.ch\/research\/","name":"research - digital cultures and arts","isPartOf":{"@id":"https:\/\/digitalculturesandarts.ch\/#website"},"primaryImageOfPage":{"@id":"https:\/\/digitalculturesandarts.ch\/research\/#primaryimage"},"image":{"@id":"https:\/\/digitalculturesandarts.ch\/research\/#primaryimage"},"thumbnailUrl":"https:\/\/digitalculturesandarts.ch\/wp-content\/uploads\/2025\/09\/meyer-Dall-E-via-Sam-Altman-on-Twitter-2.jpeg","datePublished":"2025-03-24T09:14:23+00:00","dateModified":"2025-12-05T22:09:38+00:00","breadcrumb":{"@id":"https:\/\/digitalculturesandarts.ch\/research\/#breadcrumb"},"inLanguage":"de-CH","potentialAction":[{"@type":"ReadAction","target":["https:\/\/digitalculturesandarts.ch\/research\/"]}]},{"@type":"ImageObject","inLanguage":"de-CH","@id":"https:\/\/digitalculturesandarts.ch\/research\/#primaryimage","url":"https:\/\/digitalculturesandarts.ch\/wp-content\/uploads\/2025\/09\/meyer-Dall-E-via-Sam-Altman-on-Twitter-2.jpeg","contentUrl":"https:\/\/digitalculturesandarts.ch\/wp-content\/uploads\/2025\/09\/meyer-Dall-E-via-Sam-Altman-on-Twitter-2.jpeg"},{"@type":"BreadcrumbList","@id":"https:\/\/digitalculturesandarts.ch\/research\/#breadcrumb","itemListElement":[{"@type":"ListItem","position":1,"name":"Home","item":"https:\/\/digitalculturesandarts.ch\/"},{"@type":"ListItem","position":2,"name":"research"}]},{"@type":"WebSite","@id":"https:\/\/digitalculturesandarts.ch\/#website","url":"https:\/\/digitalculturesandarts.ch\/","name":"digitale kulturen und k\u00fcnste","description":"Bridge Professorship between the University of Zurich and Zurich University of the Arts","publisher":{"@id":"https:\/\/digitalculturesandarts.ch\/#organization"},"alternateName":"digitale kulturen und k\u00fcnste","potentialAction":[{"@type":"SearchAction","target":{"@type":"EntryPoint","urlTemplate":"https:\/\/digitalculturesandarts.ch\/?s={search_term_string}"},"query-input":{"@type":"PropertyValueSpecification","valueRequired":true,"valueName":"search_term_string"}}],"inLanguage":"de-CH"},{"@type":"Organization","@id":"https:\/\/digitalculturesandarts.ch\/#organization","name":"digitale kulturen und k\u00fcnste","alternateName":"digitale kulturen und k\u00fcnste","url":"https:\/\/digitalculturesandarts.ch\/","logo":{"@type":"ImageObject","inLanguage":"de-CH","@id":"https:\/\/digitalculturesandarts.ch\/#\/schema\/logo\/image\/","url":"https:\/\/digitalculturesandarts.ch\/wp-content\/uploads\/2025\/04\/cropped-col.png","contentUrl":"https:\/\/digitalculturesandarts.ch\/wp-content\/uploads\/2025\/04\/cropped-col.png","width":512,"height":512,"caption":"digital cultures and arts"},"image":{"@id":"https:\/\/digitalculturesandarts.ch\/#\/schema\/logo\/image\/"},"sameAs":["https:\/\/www.instagram.com\/digitalculturesandarts\/"]}]}},"mfb_rest_fields":["title","yoast_head","yoast_head_json"],"_links":{"self":[{"href":"https:\/\/digitalculturesandarts.ch\/de\/wp-json\/wp\/v2\/pages\/2811","targetHints":{"allow":["GET"]}}],"collection":[{"href":"https:\/\/digitalculturesandarts.ch\/de\/wp-json\/wp\/v2\/pages"}],"about":[{"href":"https:\/\/digitalculturesandarts.ch\/de\/wp-json\/wp\/v2\/types\/page"}],"author":[{"embeddable":true,"href":"https:\/\/digitalculturesandarts.ch\/de\/wp-json\/wp\/v2\/users\/1"}],"replies":[{"embeddable":true,"href":"https:\/\/digitalculturesandarts.ch\/de\/wp-json\/wp\/v2\/comments?post=2811"}],"version-history":[{"count":20,"href":"https:\/\/digitalculturesandarts.ch\/de\/wp-json\/wp\/v2\/pages\/2811\/revisions"}],"predecessor-version":[{"id":6719,"href":"https:\/\/digitalculturesandarts.ch\/de\/wp-json\/wp\/v2\/pages\/2811\/revisions\/6719"}],"wp:attachment":[{"href":"https:\/\/digitalculturesandarts.ch\/de\/wp-json\/wp\/v2\/media?parent=2811"}],"curies":[{"name":"wp","href":"https:\/\/api.w.org\/{rel}","templated":true}]}}